{"id":1794,"date":"2013-06-10T15:41:01","date_gmt":"2013-06-10T15:41:01","guid":{"rendered":"https:\/\/www.villaadriatica.com\/island-brac-2\/"},"modified":"2014-01-16T08:57:09","modified_gmt":"2014-01-16T08:57:09","slug":"la-isola-di-brac","status":"publish","type":"page","link":"https:\/\/www.villaadriatica.com\/it\/la-isola-di-brac\/","title":{"rendered":"La isola di Bra\u010d"},"content":{"rendered":"<p>Bra\u010d si trova in una zona di clima mediterraneo, con inverni miti e umidi, le estati calde con molto sole, di sicuro la zona climatica pi\u00f9 calda del nord mediterraneo. Dalla cima pi\u00f9 alta di Brac (Vidova gora) si stende una vista meravigliosa su tutto l&#8217;arcipelago. Brac \u00e8 la terza isola pi\u00f9 grande dell&#8217;Adriatico. Gi\u00e0 nei tempi lontani la gente qui viveva nella pietra e dalla pietra. I tagliapietrai erano chiamati &#8220;artisti&#8221;. I famosi tagliapietre che sono vissuti da queste parti erano; Juraj Dalmatinac, Andrija Alesi, Nikola Firentinac\u2026<a href=\"https:\/\/www.villaadriatica.com\/wp-content\/uploads\/2013\/06\/Island-Brac-Croatia-01.jpg\"><img loading=\"lazy\" decoding=\"async\" class=\"alignnone  wp-image-44\" title=\"Island Bra\u010d, Croatia - Bol, Golden cape beach\" alt=\"Island Bra\u010d, Croatia - Bol, Golden cape beach\" src=\"https:\/\/www.villaadriatica.com\/wp-content\/uploads\/2013\/06\/Island-Brac-Croatia-01.jpg\" width=\"630\" height=\"380\" srcset=\"https:\/\/www.villaadriatica.com\/wp-content\/uploads\/2013\/06\/Island-Brac-Croatia-01.jpg 1050w, https:\/\/www.villaadriatica.com\/wp-content\/uploads\/2013\/06\/Island-Brac-Croatia-01-300x181.jpg 300w, https:\/\/www.villaadriatica.com\/wp-content\/uploads\/2013\/06\/Island-Brac-Croatia-01-1024x618.jpg 1024w\" sizes=\"auto, (max-width: 630px) 100vw, 630px\" \/><\/a><a href=\"https:\/\/www.villaadriatica.com\/wp-content\/uploads\/2013\/06\/Island-Brac-Croatia-002.jpg\"><img loading=\"lazy\" decoding=\"async\" class=\"alignnone  wp-image-216\" title=\"Island Brac Croatia, Sumartin\" alt=\"Island Brac Croatia, Sumartin\" src=\"https:\/\/www.villaadriatica.com\/wp-content\/uploads\/2013\/06\/Island-Brac-Croatia-002.jpg\" width=\"630\" height=\"380\" srcset=\"https:\/\/www.villaadriatica.com\/wp-content\/uploads\/2013\/06\/Island-Brac-Croatia-002.jpg 900w, https:\/\/www.villaadriatica.com\/wp-content\/uploads\/2013\/06\/Island-Brac-Croatia-002-300x181.jpg 300w\" sizes=\"auto, (max-width: 630px) 100vw, 630px\" \/><\/a>La bianca pietra di Brac si \u00e8 usata per la costruzione di molti edifici famosi come la Casa Bianca in Washington DC, negli U.S.A. Nel suo cuore Brac nasconde perle di eredit\u00e0 culturale come: la pietra glagolitica nel &#8220;deserto di Blaca&#8221;, il monumento architettonico pi\u00f9 caratteristico dell&#8217;isola; La Grotta del Dragone; \u0160krip &#8211; l&#8217; eredit\u00e0 pi\u00f9 vecchia dell&#8217;isola.<a href=\"https:\/\/www.villaadriatica.com\/wp-content\/uploads\/2013\/06\/Island-Brac-Croatia-005.jpg\"><img loading=\"lazy\" decoding=\"async\" class=\"alignnone  wp-image-219\" title=\"Island Bra\u010d, Croatia - Pustinja Blaca\" alt=\"Island Bra\u010d, Croatia - Pustinja Blaca\" src=\"https:\/\/www.villaadriatica.com\/wp-content\/uploads\/2013\/06\/Island-Brac-Croatia-005.jpg\" width=\"630\" height=\"380\" srcset=\"https:\/\/www.villaadriatica.com\/wp-content\/uploads\/2013\/06\/Island-Brac-Croatia-005.jpg 900w, https:\/\/www.villaadriatica.com\/wp-content\/uploads\/2013\/06\/Island-Brac-Croatia-005-300x181.jpg 300w\" sizes=\"auto, (max-width: 630px) 100vw, 630px\" \/><\/a><a href=\"https:\/\/www.villaadriatica.com\/wp-content\/uploads\/2013\/06\/Island-Brac-Croatia-006.jpg\"><img loading=\"lazy\" decoding=\"async\" class=\"alignnone  wp-image-221\" title=\"Island Bra\u010d, Croatia - Dragon cave\" alt=\"Island Bra\u010d, Croatia - Dragon cave\" src=\"https:\/\/www.villaadriatica.com\/wp-content\/uploads\/2013\/06\/Island-Brac-Croatia-006.jpg\" width=\"630\" height=\"380\" srcset=\"https:\/\/www.villaadriatica.com\/wp-content\/uploads\/2013\/06\/Island-Brac-Croatia-006.jpg 900w, https:\/\/www.villaadriatica.com\/wp-content\/uploads\/2013\/06\/Island-Brac-Croatia-006-300x181.jpg 300w\" sizes=\"auto, (max-width: 630px) 100vw, 630px\" \/><\/a><br \/>\n<!-- Social Ring Buttons Start --><div class=\"social-ring\">\n<div class=\"social-ring-button\"><fb:like href=\"https:\/\/www.villaadriatica.com\/it\/la-isola-di-brac\/\" showfaces=\"false\" layout=\"button_count\" action=\"like\"><\/fb:like><\/div>\n<div class=\"social-ring-button\"><a href=\"https:\/\/www.facebook.com\/sharer\/sharer.php?s=100&p[url]=https:\/\/www.villaadriatica.com\/it\/la-isola-di-brac\/\" target=\"_blank\"\n\t\t\t\t\t\t\tonclick=\"window.open('https:\/\/www.facebook.com\/sharer\/sharer.php?s=100&p[url]=https:\/\/www.villaadriatica.com\/it\/la-isola-di-brac\/', 'newwindow', 'width=600, height=450'); return false;\" >\n\t\t\t\t\t\t\t<img decoding=\"async\" style=\"display:block; background: none; padding: 0px; border:0px;\" src=\"https:\/\/www.villaadriatica.com\/wp-content\/plugins\/wordpress-social-ring\/includes\/..\/admin\/images\/sr-fb-share.png\" alt=\"Share\"\/>\n\t\t\t\t\t\t<\/a><\/div>\n<div class=\"social-ring-button\"><a rel=\"nofollow\" href=\"http:\/\/twitter.com\/share\" lang=\"en\" data-url=\"https:\/\/www.villaadriatica.com\/it\/la-isola-di-brac\/\" data-text=\"La isola di Bra\u010d\" data-count=\"horizontal\" class=\"sr-twitter-button twitter-share-button\"><\/a><\/div>\n<div class=\"social-ring-button\"><div class=\"g-plusone\" data-href=\"https:\/\/www.villaadriatica.com\/it\/la-isola-di-brac\/\" data-size=\"medium\" ><\/div><\/div>\n<div class=\"social-ring-button\"><a rel=\"nofollow\" href=\"http:\/\/pinterest.com\/pin\/create\/button\/?url=https%3A%2F%2Fwww.villaadriatica.com%2Fit%2Fla-isola-di-brac%2F&media=https%3A%2F%2Fwww.villaadriatica.com%2Fwp-content%2Fuploads%2F2013%2F06%2FIsland-Brac-Croatia-01.jpg&description=La+isola+di+Bra%C4%8D\" class=\"pin-it-button\"count-layout=\"horizontal\"><\/a><\/div>\n<\/div><!-- Social Ring Buttons End -->\n<\/p>\n","protected":false},"excerpt":{"rendered":"<p>Bra\u010d si trova in una zona di clima mediterraneo, con inverni miti e umidi, le estati calde con molto sole, di sicuro la zona climatica pi\u00f9 calda del nord mediterraneo. Dalla cima pi\u00f9 alta&#8230;<\/p>\n","protected":false},"author":1,"featured_media":44,"parent":0,"menu_order":0,"comment_status":"closed","ping_status":"closed","template":"","meta":{"footnotes":""},"class_list":["post-1794","page","type-page","status-publish","has-post-thumbnail","hentry"],"yoast_head":"<!-- This site is optimized with the Yoast SEO plugin v25.1 - https:\/\/yoast.com\/wordpress\/plugins\/seo\/ -->\n<title>La isola di Bra\u010d | Hotel Villa Adriatica<\/title>\n<meta name=\"description\" content=\"Bra\u010d si trova in una zona di clima mediterraneo, con inverni miti e umidi, le estati calde con molto sole, di sicuro la zona climatica pi\u00f9 calda del nord mediterraneo.\" \/>\n<meta name=\"robots\" content=\"index, follow, max-snippet:-1, max-image-preview:large, max-video-preview:-1\" \/>\n<link rel=\"canonical\" href=\"https:\/\/www.villaadriatica.com\/it\/la-isola-di-brac\/\" \/>\n<meta property=\"og:locale\" content=\"it_IT\" \/>\n<meta property=\"og:type\" content=\"article\" \/>\n<meta property=\"og:title\" content=\"La isola di Bra\u010d | Hotel Villa Adriatica\" \/>\n<meta property=\"og:description\" content=\"Bra\u010d si trova in una zona di clima mediterraneo, con inverni miti e umidi, le estati calde con molto sole, di sicuro la zona climatica pi\u00f9 calda del nord mediterraneo.\" \/>\n<meta property=\"og:url\" content=\"https:\/\/www.villaadriatica.com\/it\/la-isola-di-brac\/\" \/>\n<meta property=\"article:modified_time\" content=\"2014-01-16T08:57:09+00:00\" \/>\n<meta property=\"og:image\" content=\"https:\/\/www.villaadriatica.com\/wp-content\/uploads\/2013\/06\/Island-Brac-Croatia-01.jpg\" \/>\n\t<meta property=\"og:image:width\" content=\"1050\" \/>\n\t<meta property=\"og:image:height\" content=\"634\" \/>\n\t<meta property=\"og:image:type\" content=\"image\/jpeg\" \/>\n<meta name=\"twitter:label1\" content=\"Tempo di lettura stimato\" \/>\n\t<meta name=\"twitter:data1\" content=\"1 minuto\" \/>\n<script type=\"application\/ld+json\" class=\"yoast-schema-graph\">{\"@context\":\"https:\/\/schema.org\",\"@graph\":[{\"@type\":\"WebPage\",\"@id\":\"https:\/\/www.villaadriatica.com\/it\/la-isola-di-brac\/\",\"url\":\"https:\/\/www.villaadriatica.com\/it\/la-isola-di-brac\/\",\"name\":\"La isola di Bra\u010d | Hotel Villa Adriatica\",\"isPartOf\":{\"@id\":\"https:\/\/www.villaadriatica.com\/hr\/#website\"},\"primaryImageOfPage\":{\"@id\":\"https:\/\/www.villaadriatica.com\/it\/la-isola-di-brac\/#primaryimage\"},\"image\":{\"@id\":\"https:\/\/www.villaadriatica.com\/it\/la-isola-di-brac\/#primaryimage\"},\"thumbnailUrl\":\"https:\/\/www.villaadriatica.com\/wp-content\/uploads\/2013\/06\/Island-Brac-Croatia-01.jpg\",\"datePublished\":\"2013-06-10T15:41:01+00:00\",\"dateModified\":\"2014-01-16T08:57:09+00:00\",\"description\":\"Bra\u010d si trova in una zona di clima mediterraneo, con inverni miti e umidi, le estati calde con molto sole, di sicuro la zona climatica pi\u00f9 calda del nord mediterraneo.\",\"breadcrumb\":{\"@id\":\"https:\/\/www.villaadriatica.com\/it\/la-isola-di-brac\/#breadcrumb\"},\"inLanguage\":\"it-IT\",\"potentialAction\":[{\"@type\":\"ReadAction\",\"target\":[\"https:\/\/www.villaadriatica.com\/it\/la-isola-di-brac\/\"]}]},{\"@type\":\"ImageObject\",\"inLanguage\":\"it-IT\",\"@id\":\"https:\/\/www.villaadriatica.com\/it\/la-isola-di-brac\/#primaryimage\",\"url\":\"https:\/\/www.villaadriatica.com\/wp-content\/uploads\/2013\/06\/Island-Brac-Croatia-01.jpg\",\"contentUrl\":\"https:\/\/www.villaadriatica.com\/wp-content\/uploads\/2013\/06\/Island-Brac-Croatia-01.jpg\",\"width\":\"1050\",\"height\":\"634\",\"caption\":\"Island Bra\u010d, Croatia\"},{\"@type\":\"BreadcrumbList\",\"@id\":\"https:\/\/www.villaadriatica.com\/it\/la-isola-di-brac\/#breadcrumb\",\"itemListElement\":[{\"@type\":\"ListItem\",\"position\":1,\"name\":\"Home\",\"item\":\"https:\/\/www.villaadriatica.com\/it\/\"},{\"@type\":\"ListItem\",\"position\":2,\"name\":\"La isola di Bra\u010d\"}]},{\"@type\":\"WebSite\",\"@id\":\"https:\/\/www.villaadriatica.com\/hr\/#website\",\"url\":\"https:\/\/www.villaadriatica.com\/hr\/\",\"name\":\"\",\"description\":\"\",\"potentialAction\":[{\"@type\":\"SearchAction\",\"target\":{\"@type\":\"EntryPoint\",\"urlTemplate\":\"https:\/\/www.villaadriatica.com\/hr\/?s={search_term_string}\"},\"query-input\":{\"@type\":\"PropertyValueSpecification\",\"valueRequired\":true,\"valueName\":\"search_term_string\"}}],\"inLanguage\":\"it-IT\"}]}<\/script>\n<!-- \/ Yoast SEO plugin. -->","yoast_head_json":{"title":"La isola di Bra\u010d | Hotel Villa Adriatica","description":"Bra\u010d si trova in una zona di clima mediterraneo, con inverni miti e umidi, le estati calde con molto sole, di sicuro la zona climatica pi\u00f9 calda del nord mediterraneo.","robots":{"index":"index","follow":"follow","max-snippet":"max-snippet:-1","max-image-preview":"max-image-preview:large","max-video-preview":"max-video-preview:-1"},"canonical":"https:\/\/www.villaadriatica.com\/it\/la-isola-di-brac\/","og_locale":"it_IT","og_type":"article","og_title":"La isola di Bra\u010d | Hotel Villa Adriatica","og_description":"Bra\u010d si trova in una zona di clima mediterraneo, con inverni miti e umidi, le estati calde con molto sole, di sicuro la zona climatica pi\u00f9 calda del nord mediterraneo.","og_url":"https:\/\/www.villaadriatica.com\/it\/la-isola-di-brac\/","article_modified_time":"2014-01-16T08:57:09+00:00","og_image":[{"width":1050,"height":634,"url":"https:\/\/www.villaadriatica.com\/wp-content\/uploads\/2013\/06\/Island-Brac-Croatia-01.jpg","type":"image\/jpeg"}],"twitter_misc":{"Tempo di lettura stimato":"1 minuto"},"schema":{"@context":"https:\/\/schema.org","@graph":[{"@type":"WebPage","@id":"https:\/\/www.villaadriatica.com\/it\/la-isola-di-brac\/","url":"https:\/\/www.villaadriatica.com\/it\/la-isola-di-brac\/","name":"La isola di Bra\u010d | Hotel Villa Adriatica","isPartOf":{"@id":"https:\/\/www.villaadriatica.com\/hr\/#website"},"primaryImageOfPage":{"@id":"https:\/\/www.villaadriatica.com\/it\/la-isola-di-brac\/#primaryimage"},"image":{"@id":"https:\/\/www.villaadriatica.com\/it\/la-isola-di-brac\/#primaryimage"},"thumbnailUrl":"https:\/\/www.villaadriatica.com\/wp-content\/uploads\/2013\/06\/Island-Brac-Croatia-01.jpg","datePublished":"2013-06-10T15:41:01+00:00","dateModified":"2014-01-16T08:57:09+00:00","description":"Bra\u010d si trova in una zona di clima mediterraneo, con inverni miti e umidi, le estati calde con molto sole, di sicuro la zona climatica pi\u00f9 calda del nord mediterraneo.","breadcrumb":{"@id":"https:\/\/www.villaadriatica.com\/it\/la-isola-di-brac\/#breadcrumb"},"inLanguage":"it-IT","potentialAction":[{"@type":"ReadAction","target":["https:\/\/www.villaadriatica.com\/it\/la-isola-di-brac\/"]}]},{"@type":"ImageObject","inLanguage":"it-IT","@id":"https:\/\/www.villaadriatica.com\/it\/la-isola-di-brac\/#primaryimage","url":"https:\/\/www.villaadriatica.com\/wp-content\/uploads\/2013\/06\/Island-Brac-Croatia-01.jpg","contentUrl":"https:\/\/www.villaadriatica.com\/wp-content\/uploads\/2013\/06\/Island-Brac-Croatia-01.jpg","width":"1050","height":"634","caption":"Island Bra\u010d, Croatia"},{"@type":"BreadcrumbList","@id":"https:\/\/www.villaadriatica.com\/it\/la-isola-di-brac\/#breadcrumb","itemListElement":[{"@type":"ListItem","position":1,"name":"Home","item":"https:\/\/www.villaadriatica.com\/it\/"},{"@type":"ListItem","position":2,"name":"La isola di Bra\u010d"}]},{"@type":"WebSite","@id":"https:\/\/www.villaadriatica.com\/hr\/#website","url":"https:\/\/www.villaadriatica.com\/hr\/","name":"","description":"","potentialAction":[{"@type":"SearchAction","target":{"@type":"EntryPoint","urlTemplate":"https:\/\/www.villaadriatica.com\/hr\/?s={search_term_string}"},"query-input":{"@type":"PropertyValueSpecification","valueRequired":true,"valueName":"search_term_string"}}],"inLanguage":"it-IT"}]}},"_links":{"self":[{"href":"https:\/\/www.villaadriatica.com\/it\/wp-json\/wp\/v2\/pages\/1794","targetHints":{"allow":["GET"]}}],"collection":[{"href":"https:\/\/www.villaadriatica.com\/it\/wp-json\/wp\/v2\/pages"}],"about":[{"href":"https:\/\/www.villaadriatica.com\/it\/wp-json\/wp\/v2\/types\/page"}],"author":[{"embeddable":true,"href":"https:\/\/www.villaadriatica.com\/it\/wp-json\/wp\/v2\/users\/1"}],"replies":[{"embeddable":true,"href":"https:\/\/www.villaadriatica.com\/it\/wp-json\/wp\/v2\/comments?post=1794"}],"version-history":[{"count":2,"href":"https:\/\/www.villaadriatica.com\/it\/wp-json\/wp\/v2\/pages\/1794\/revisions"}],"predecessor-version":[{"id":1796,"href":"https:\/\/www.villaadriatica.com\/it\/wp-json\/wp\/v2\/pages\/1794\/revisions\/1796"}],"wp:featuredmedia":[{"embeddable":true,"href":"https:\/\/www.villaadriatica.com\/it\/wp-json\/wp\/v2\/media\/44"}],"wp:attachment":[{"href":"https:\/\/www.villaadriatica.com\/it\/wp-json\/wp\/v2\/media?parent=1794"}],"curies":[{"name":"wp","href":"https:\/\/api.w.org\/{rel}","templated":true}]}}