{"id":1144,"date":"2013-06-11T13:31:58","date_gmt":"2013-06-11T13:31:58","guid":{"rendered":"https:\/\/www.villaadriatica.com\/location-2\/"},"modified":"2020-10-29T14:19:43","modified_gmt":"2020-10-29T14:19:43","slug":"location","status":"publish","type":"page","link":"https:\/\/www.villaadriatica.com\/fr\/location\/","title":{"rendered":"Location"},"content":{"rendered":"<p><iframe loading=\"lazy\" src=\"https:\/\/www.google.com\/maps\/embed?pb=!1m18!1m12!1m3!1d2899.6329605059705!2d16.54305245175685!3d43.38469807766563!2m3!1f0!2f0!3f0!3m2!1i1024!2i768!4f13.1!3m3!1m2!1s0x134a9d851f9d7f11%3A0xacd0df9131d02511!2sHotel%20Villa%20Adriatica!5e0!3m2!1sen!2shr!4v1603980732425!5m2!1sen!2shr\" style=\"border:0;\" allowfullscreen=\"\" aria-hidden=\"false\" tabindex=\"0\" width=\"600\" height=\"450\" frameborder=\"0\"><\/iframe><\/p>\n<p><strong>Utilisez cette carte pour obtenir les directions \u00e0 l&#8217;H\u00f4tel Villa Adriatica.<\/strong><\/p>\n<p><em><strong><a href=\"https:\/\/www.villaadriatica.com\/wp-content\/uploads\/2013\/06\/hotel-villa-adriatica-supetar-brac-location.jpg\"><img loading=\"lazy\" decoding=\"async\" class=\"alignnone  wp-image-205\" title=\"Hotel Villa Adriatica Supetar Brac - Location\" src=\"https:\/\/www.villaadriatica.com\/wp-content\/uploads\/2013\/06\/hotel-villa-adriatica-supetar-brac-location.jpg\" alt=\"Hotel Villa Adriatica Supetar Brac - Location\" width=\"630\" height=\"380\" srcset=\"https:\/\/www.villaadriatica.com\/wp-content\/uploads\/2013\/06\/hotel-villa-adriatica-supetar-brac-location.jpg 900w, https:\/\/www.villaadriatica.com\/wp-content\/uploads\/2013\/06\/hotel-villa-adriatica-supetar-brac-location-300x181.jpg 300w\" sizes=\"auto, (max-width: 630px) 100vw, 630px\" \/><\/a><\/strong><\/em>L\u2019hotel Villa Adriatica est r\u00e9cemment r\u00e9nov\u00e9 et compl\u00e8tement \u00e9quip\u00e9. Notre h\u00f4tel de charme vous vous offre un s\u00e9jour agr\u00e9able dans l\u2019 int\u00e9rieur joliment d\u00e9cor\u00e9, les chambres con\u00e7ues \u00e0 l&#8217;origine, restaurant spacieux nouvellement d\u00e9cor\u00e9e, le bar aperitif et caf\u00e9-bar dans le jardin. D\u00e9tendez-vous dans l&#8217;ombre des palmiers et des oliviers, ou profiter du soleil sur la piscine ext\u00e9rieure.<\/p>\n<p><strong>Distance&#8230;<\/strong><br \/>\n<span style=\"color: #ff6600;\">\u2794<\/span> 400m du centre<br \/>\n<span style=\"color: #ff6600;\">\u2794<\/span> Mer 100m<br \/>\n<span style=\"color: #ff6600;\">\u2794<\/span> Plage 100m<br \/>\n<span style=\"color: #ff6600;\">\u2794<\/span> Restaurant 50m<br \/>\n<span style=\"color: #ff6600;\">\u2794<\/span> 50m Discoth\u00e8que<br \/>\n<span style=\"color: #ff6600;\">\u2794<\/span> M\u00e9decin \/ h\u00f4pital 600m<br \/>\n<span style=\"color: #ff6600;\">\u2794<\/span> A\u00e9roport 2500<br \/>\n<strong>Plage &#8211; Environnement:<\/strong><br \/>\n<strong>Description de la plage &#8211; Sandy, Graviers<\/strong><br \/>\n<span style=\"color: #ff6600;\">\u2794<\/span> Contenu de la plage la plus proche<br \/>\n<span style=\"color: #ff6600;\">\u2794<\/span> Suppl\u00e9ment pour chaises longues<br \/>\n<span style=\"color: #ff6600;\">\u2794<\/span> Drapeau Bleu<br \/>\n<span style=\"color: #ff6600;\">\u2794<\/span> Suppl\u00e9ment pour parapluies<br \/>\n<span style=\"color: #ff6600;\">\u2794<\/span> Douches<br \/>\n<span style=\"color: #ff6600;\">\u2794<\/span> Location<\/p>\n<p><strong><\/strong><!-- Social Ring Buttons Start --><div class=\"social-ring\">\n<div class=\"social-ring-button\"><fb:like href=\"https:\/\/www.villaadriatica.com\/fr\/location\/\" showfaces=\"false\" layout=\"button_count\" action=\"like\"><\/fb:like><\/div>\n<div class=\"social-ring-button\"><a href=\"https:\/\/www.facebook.com\/sharer\/sharer.php?s=100&p[url]=https:\/\/www.villaadriatica.com\/fr\/location\/\" target=\"_blank\"\n\t\t\t\t\t\t\tonclick=\"window.open('https:\/\/www.facebook.com\/sharer\/sharer.php?s=100&p[url]=https:\/\/www.villaadriatica.com\/fr\/location\/', 'newwindow', 'width=600, height=450'); return false;\" >\n\t\t\t\t\t\t\t<img decoding=\"async\" style=\"display:block; background: none; padding: 0px; border:0px;\" src=\"https:\/\/www.villaadriatica.com\/wp-content\/plugins\/wordpress-social-ring\/includes\/..\/admin\/images\/sr-fb-share.png\" alt=\"Share\"\/>\n\t\t\t\t\t\t<\/a><\/div>\n<div class=\"social-ring-button\"><a rel=\"nofollow\" href=\"http:\/\/twitter.com\/share\" lang=\"en\" data-url=\"https:\/\/www.villaadriatica.com\/fr\/location\/\" data-text=\"Location\" data-count=\"horizontal\" class=\"sr-twitter-button twitter-share-button\"><\/a><\/div>\n<div class=\"social-ring-button\"><div class=\"g-plusone\" data-href=\"https:\/\/www.villaadriatica.com\/fr\/location\/\" data-size=\"medium\" ><\/div><\/div>\n<div class=\"social-ring-button\"><a rel=\"nofollow\" href=\"http:\/\/pinterest.com\/pin\/create\/button\/?url=https%3A%2F%2Fwww.villaadriatica.com%2Ffr%2Flocation%2F&media=https%3A%2F%2Fwww.villaadriatica.com%2Fwp-content%2Fuploads%2F2013%2F06%2Fhotel-villa-adriatica-supetar-brac-location.jpg&description=Location\" class=\"pin-it-button\"count-layout=\"horizontal\"><\/a><\/div>\n<\/div><!-- Social Ring Buttons End -->\n<\/p>\n","protected":false},"excerpt":{"rendered":"<p>Utilisez cette carte pour obtenir les directions \u00e0 l&#8217;H\u00f4tel Villa Adriatica. L\u2019hotel Villa Adriatica est r\u00e9cemment r\u00e9nov\u00e9 et compl\u00e8tement \u00e9quip\u00e9. Notre h\u00f4tel de charme vous vous offre un s\u00e9jour agr\u00e9able dans l\u2019 int\u00e9rieur joliment&#8230;<\/p>\n","protected":false},"author":1,"featured_media":0,"parent":0,"menu_order":0,"comment_status":"closed","ping_status":"closed","template":"","meta":{"footnotes":""},"class_list":["post-1144","page","type-page","status-publish","hentry"],"yoast_head":"<!-- This site is optimized with the Yoast SEO plugin v25.1 - https:\/\/yoast.com\/wordpress\/plugins\/seo\/ -->\n<title>Hotel Villa Adriatica | Supetar, Island Bra\u010d | Location<\/title>\n<meta name=\"description\" content=\"L\u2019hotel Villa Adriatica est r\u00e9cemment r\u00e9nov\u00e9 et compl\u00e8tement \u00e9quip\u00e9. Notre h\u00f4tel de charme vous vous offre un s\u00e9jour agr\u00e9able dans l\u2019 int\u00e9rieur joliment d\u00e9cor\u00e9, les chambres con\u00e7ues \u00e0 l&#039;origine, restaurant spacieux nouvellement d\u00e9cor\u00e9e, le bar aperitif et caf\u00e9-bar dans le jardin.\" \/>\n<meta name=\"robots\" content=\"index, follow, max-snippet:-1, max-image-preview:large, max-video-preview:-1\" \/>\n<link rel=\"canonical\" href=\"https:\/\/www.villaadriatica.com\/fr\/location\/\" \/>\n<meta property=\"og:locale\" content=\"fr_FR\" \/>\n<meta property=\"og:type\" content=\"article\" \/>\n<meta property=\"og:title\" content=\"Hotel Villa Adriatica | Supetar, Island Bra\u010d | Location\" \/>\n<meta property=\"og:description\" content=\"L\u2019hotel Villa Adriatica est r\u00e9cemment r\u00e9nov\u00e9 et compl\u00e8tement \u00e9quip\u00e9. Notre h\u00f4tel de charme vous vous offre un s\u00e9jour agr\u00e9able dans l\u2019 int\u00e9rieur joliment d\u00e9cor\u00e9, les chambres con\u00e7ues \u00e0 l&#039;origine, restaurant spacieux nouvellement d\u00e9cor\u00e9e, le bar aperitif et caf\u00e9-bar dans le jardin.\" \/>\n<meta property=\"og:url\" content=\"https:\/\/www.villaadriatica.com\/fr\/location\/\" \/>\n<meta property=\"article:modified_time\" content=\"2020-10-29T14:19:43+00:00\" \/>\n<meta property=\"og:image\" content=\"https:\/\/www.villaadriatica.com\/wp-content\/uploads\/2013\/06\/hotel-villa-adriatica-supetar-brac-location.jpg\" \/>\n<meta name=\"twitter:label1\" content=\"Dur\u00e9e de lecture estim\u00e9e\" \/>\n\t<meta name=\"twitter:data1\" content=\"1 minute\" \/>\n<script type=\"application\/ld+json\" class=\"yoast-schema-graph\">{\"@context\":\"https:\/\/schema.org\",\"@graph\":[{\"@type\":\"WebPage\",\"@id\":\"https:\/\/www.villaadriatica.com\/fr\/location\/\",\"url\":\"https:\/\/www.villaadriatica.com\/fr\/location\/\",\"name\":\"Hotel Villa Adriatica | Supetar, Island Bra\u010d | Location\",\"isPartOf\":{\"@id\":\"https:\/\/www.villaadriatica.com\/hr\/#website\"},\"primaryImageOfPage\":{\"@id\":\"https:\/\/www.villaadriatica.com\/fr\/location\/#primaryimage\"},\"image\":{\"@id\":\"https:\/\/www.villaadriatica.com\/fr\/location\/#primaryimage\"},\"thumbnailUrl\":\"https:\/\/www.villaadriatica.com\/wp-content\/uploads\/2013\/06\/hotel-villa-adriatica-supetar-brac-location.jpg\",\"datePublished\":\"2013-06-11T13:31:58+00:00\",\"dateModified\":\"2020-10-29T14:19:43+00:00\",\"description\":\"L\u2019hotel Villa Adriatica est r\u00e9cemment r\u00e9nov\u00e9 et compl\u00e8tement \u00e9quip\u00e9. Notre h\u00f4tel de charme vous vous offre un s\u00e9jour agr\u00e9able dans l\u2019 int\u00e9rieur joliment d\u00e9cor\u00e9, les chambres con\u00e7ues \u00e0 l'origine, restaurant spacieux nouvellement d\u00e9cor\u00e9e, le bar aperitif et caf\u00e9-bar dans le jardin.\",\"breadcrumb\":{\"@id\":\"https:\/\/www.villaadriatica.com\/fr\/location\/#breadcrumb\"},\"inLanguage\":\"fr-FR\",\"potentialAction\":[{\"@type\":\"ReadAction\",\"target\":[\"https:\/\/www.villaadriatica.com\/fr\/location\/\"]}]},{\"@type\":\"ImageObject\",\"inLanguage\":\"fr-FR\",\"@id\":\"https:\/\/www.villaadriatica.com\/fr\/location\/#primaryimage\",\"url\":\"https:\/\/www.villaadriatica.com\/wp-content\/uploads\/2013\/06\/hotel-villa-adriatica-supetar-brac-location.jpg\",\"contentUrl\":\"https:\/\/www.villaadriatica.com\/wp-content\/uploads\/2013\/06\/hotel-villa-adriatica-supetar-brac-location.jpg\"},{\"@type\":\"BreadcrumbList\",\"@id\":\"https:\/\/www.villaadriatica.com\/fr\/location\/#breadcrumb\",\"itemListElement\":[{\"@type\":\"ListItem\",\"position\":1,\"name\":\"Home\",\"item\":\"https:\/\/www.villaadriatica.com\/fr\/\"},{\"@type\":\"ListItem\",\"position\":2,\"name\":\"Location\"}]},{\"@type\":\"WebSite\",\"@id\":\"https:\/\/www.villaadriatica.com\/hr\/#website\",\"url\":\"https:\/\/www.villaadriatica.com\/hr\/\",\"name\":\"\",\"description\":\"\",\"potentialAction\":[{\"@type\":\"SearchAction\",\"target\":{\"@type\":\"EntryPoint\",\"urlTemplate\":\"https:\/\/www.villaadriatica.com\/hr\/?s={search_term_string}\"},\"query-input\":{\"@type\":\"PropertyValueSpecification\",\"valueRequired\":true,\"valueName\":\"search_term_string\"}}],\"inLanguage\":\"fr-FR\"}]}<\/script>\n<!-- \/ Yoast SEO plugin. -->","yoast_head_json":{"title":"Hotel Villa Adriatica | Supetar, Island Bra\u010d | Location","description":"L\u2019hotel Villa Adriatica est r\u00e9cemment r\u00e9nov\u00e9 et compl\u00e8tement \u00e9quip\u00e9. Notre h\u00f4tel de charme vous vous offre un s\u00e9jour agr\u00e9able dans l\u2019 int\u00e9rieur joliment d\u00e9cor\u00e9, les chambres con\u00e7ues \u00e0 l'origine, restaurant spacieux nouvellement d\u00e9cor\u00e9e, le bar aperitif et caf\u00e9-bar dans le jardin.","robots":{"index":"index","follow":"follow","max-snippet":"max-snippet:-1","max-image-preview":"max-image-preview:large","max-video-preview":"max-video-preview:-1"},"canonical":"https:\/\/www.villaadriatica.com\/fr\/location\/","og_locale":"fr_FR","og_type":"article","og_title":"Hotel Villa Adriatica | Supetar, Island Bra\u010d | Location","og_description":"L\u2019hotel Villa Adriatica est r\u00e9cemment r\u00e9nov\u00e9 et compl\u00e8tement \u00e9quip\u00e9. Notre h\u00f4tel de charme vous vous offre un s\u00e9jour agr\u00e9able dans l\u2019 int\u00e9rieur joliment d\u00e9cor\u00e9, les chambres con\u00e7ues \u00e0 l'origine, restaurant spacieux nouvellement d\u00e9cor\u00e9e, le bar aperitif et caf\u00e9-bar dans le jardin.","og_url":"https:\/\/www.villaadriatica.com\/fr\/location\/","article_modified_time":"2020-10-29T14:19:43+00:00","og_image":[{"url":"https:\/\/www.villaadriatica.com\/wp-content\/uploads\/2013\/06\/hotel-villa-adriatica-supetar-brac-location.jpg","type":"","width":"","height":""}],"twitter_misc":{"Dur\u00e9e de lecture estim\u00e9e":"1 minute"},"schema":{"@context":"https:\/\/schema.org","@graph":[{"@type":"WebPage","@id":"https:\/\/www.villaadriatica.com\/fr\/location\/","url":"https:\/\/www.villaadriatica.com\/fr\/location\/","name":"Hotel Villa Adriatica | Supetar, Island Bra\u010d | Location","isPartOf":{"@id":"https:\/\/www.villaadriatica.com\/hr\/#website"},"primaryImageOfPage":{"@id":"https:\/\/www.villaadriatica.com\/fr\/location\/#primaryimage"},"image":{"@id":"https:\/\/www.villaadriatica.com\/fr\/location\/#primaryimage"},"thumbnailUrl":"https:\/\/www.villaadriatica.com\/wp-content\/uploads\/2013\/06\/hotel-villa-adriatica-supetar-brac-location.jpg","datePublished":"2013-06-11T13:31:58+00:00","dateModified":"2020-10-29T14:19:43+00:00","description":"L\u2019hotel Villa Adriatica est r\u00e9cemment r\u00e9nov\u00e9 et compl\u00e8tement \u00e9quip\u00e9. Notre h\u00f4tel de charme vous vous offre un s\u00e9jour agr\u00e9able dans l\u2019 int\u00e9rieur joliment d\u00e9cor\u00e9, les chambres con\u00e7ues \u00e0 l'origine, restaurant spacieux nouvellement d\u00e9cor\u00e9e, le bar aperitif et caf\u00e9-bar dans le jardin.","breadcrumb":{"@id":"https:\/\/www.villaadriatica.com\/fr\/location\/#breadcrumb"},"inLanguage":"fr-FR","potentialAction":[{"@type":"ReadAction","target":["https:\/\/www.villaadriatica.com\/fr\/location\/"]}]},{"@type":"ImageObject","inLanguage":"fr-FR","@id":"https:\/\/www.villaadriatica.com\/fr\/location\/#primaryimage","url":"https:\/\/www.villaadriatica.com\/wp-content\/uploads\/2013\/06\/hotel-villa-adriatica-supetar-brac-location.jpg","contentUrl":"https:\/\/www.villaadriatica.com\/wp-content\/uploads\/2013\/06\/hotel-villa-adriatica-supetar-brac-location.jpg"},{"@type":"BreadcrumbList","@id":"https:\/\/www.villaadriatica.com\/fr\/location\/#breadcrumb","itemListElement":[{"@type":"ListItem","position":1,"name":"Home","item":"https:\/\/www.villaadriatica.com\/fr\/"},{"@type":"ListItem","position":2,"name":"Location"}]},{"@type":"WebSite","@id":"https:\/\/www.villaadriatica.com\/hr\/#website","url":"https:\/\/www.villaadriatica.com\/hr\/","name":"","description":"","potentialAction":[{"@type":"SearchAction","target":{"@type":"EntryPoint","urlTemplate":"https:\/\/www.villaadriatica.com\/hr\/?s={search_term_string}"},"query-input":{"@type":"PropertyValueSpecification","valueRequired":true,"valueName":"search_term_string"}}],"inLanguage":"fr-FR"}]}},"_links":{"self":[{"href":"https:\/\/www.villaadriatica.com\/fr\/wp-json\/wp\/v2\/pages\/1144","targetHints":{"allow":["GET"]}}],"collection":[{"href":"https:\/\/www.villaadriatica.com\/fr\/wp-json\/wp\/v2\/pages"}],"about":[{"href":"https:\/\/www.villaadriatica.com\/fr\/wp-json\/wp\/v2\/types\/page"}],"author":[{"embeddable":true,"href":"https:\/\/www.villaadriatica.com\/fr\/wp-json\/wp\/v2\/users\/1"}],"replies":[{"embeddable":true,"href":"https:\/\/www.villaadriatica.com\/fr\/wp-json\/wp\/v2\/comments?post=1144"}],"version-history":[{"count":3,"href":"https:\/\/www.villaadriatica.com\/fr\/wp-json\/wp\/v2\/pages\/1144\/revisions"}],"predecessor-version":[{"id":3016,"href":"https:\/\/www.villaadriatica.com\/fr\/wp-json\/wp\/v2\/pages\/1144\/revisions\/3016"}],"wp:attachment":[{"href":"https:\/\/www.villaadriatica.com\/fr\/wp-json\/wp\/v2\/media?parent=1144"}],"curies":[{"name":"wp","href":"https:\/\/api.w.org\/{rel}","templated":true}]}}