{"id":1037,"date":"2013-07-21T14:35:03","date_gmt":"2013-07-21T14:35:03","guid":{"rendered":"https:\/\/www.villaadriatica.com\/guestbook-2\/"},"modified":"2014-02-07T13:13:41","modified_gmt":"2014-02-07T13:13:41","slug":"guestbook","status":"publish","type":"page","link":"https:\/\/www.villaadriatica.com\/fr\/guestbook\/","title":{"rendered":"Impressions des h\u00f4tes de l&#8217;h\u00f4tel"},"content":{"rendered":"<p><a title=\"Hotel Villa Adriatica\" href=\"http:\/\/www.tripadvisor.com\/Hotel_Review-g651685-d550878-Reviews-Hotel_Villa_Adriatica-Supetar_Brac_Island_Split_Dalmatia_County_Dalmatia.html\" target=\"_blank\"><img loading=\"lazy\" decoding=\"async\" class=\"alignnone size-full wp-image-2158\" alt=\"Reviewd\" src=\"https:\/\/www.villaadriatica.com\/wp-content\/uploads\/2014\/02\/Reviewd.jpg\" width=\"150\" height=\"116\" \/><\/a> <a title=\"Hotel Villa Adriatica\" href=\"http:\/\/www.tripadvisor.com\/Hotel_Review-g651685-d550878-Reviews-Hotel_Villa_Adriatica-Supetar_Brac_Island_Split_Dalmatia_County_Dalmatia.html\" target=\"_blank\"><img loading=\"lazy\" decoding=\"async\" class=\"alignnone size-full wp-image-2230\" alt=\"Winner2013\" src=\"https:\/\/www.villaadriatica.com\/wp-content\/uploads\/2013\/07\/Winner2013.jpg\" width=\"143\" height=\"116\" \/><\/a> <a title=\"Hotel Villa Adriatica\" href=\"http:\/\/www.tripadvisor.com\/Hotel_Review-g651685-d550878-Reviews-Hotel_Villa_Adriatica-Supetar_Brac_Island_Split_Dalmatia_County_Dalmatia.html\" target=\"_blank\"><img loading=\"lazy\" decoding=\"async\" class=\"alignnone size-full wp-image-2232\" alt=\"Excellence2013\" src=\"https:\/\/www.villaadriatica.com\/wp-content\/uploads\/2013\/07\/Excellence2013.jpg\" width=\"143\" height=\"116\" \/><\/a><\/p>\n<p><strong><span style=\"color: #ff6600;\">Trip advisor, notation<\/span><\/strong>:<br \/>\n<strong>&#8220;Excellente H\u00f4tel&#8221; Comment\u00e9 Janvier 24, 2013<\/strong><br \/>\n<em>Nous avons vraiment appr\u00e9ci\u00e9 cet h\u00f4tel. Il a un bon emplacement, les chambres sont tr\u00e8s propres, le petit d\u00e9jeuner buffet est excellente, et le personnel tr\u00e8s gentil et serviable. Hautement recommand\u00e9. C&#8217;\u00e9tait agr\u00e9able de visiter la Croatie avec quelqu&#8217;un que vous aimez et de trouver un tel tr\u00e9sor.<\/em><br \/>\n<strong>Sanna E &#8211; Helsinki, Finlande<\/strong><\/p>\n<p><strong>&#8220;Le personnel est super, amical et serviable&#8221; Avis \u00e9crit le 9 Octobre, 2012<\/strong><br \/>\n<em>Mon mari et moi sommes rest\u00e9s \u00e0 l&#8217;H\u00f4tel Villa Supetar, Croatie, proche de la fin de la saison 2012 e L&#8217;h\u00f4tel familial dispose excellent, super-sympa et serviable service. Le petit d\u00e9jeuner \u00e9tait un buffet polyvalent et spacieux, l&#8217;emplacement assez central et d&#8217;autre part assez loin de la plus achaland\u00e9e de Supetar \u00e0 assurer un repos calme.<\/em><br \/>\n<strong>JeannieBelluno &#8211; Italia<\/strong><\/p>\n<p><strong>&#8220;Tr\u00e8s bien!&#8221; Avis \u00e9crit le 4 Octobre, 2012<\/strong><br \/>\n<em>Mon mari et moi, nous avons eu situee dans cet h\u00f4tel au mois d\u2019ao\u00fbt et c&#8217;\u00e9tait incroyable! Tout d&#8217;abord, je tiens \u00e0 dire que nous avions eu une r\u00e9servation de derni\u00e8re ann\u00e9e (2011) et de probl\u00e8mes personnels, nous ne pouvions pas aller \u00e0 Supetar. Apr\u00e8s avoir expliqu\u00e9 notre probl\u00e8me, l&#8217;h\u00f4tel accepte de reporter notre r\u00e9servation pour cette ann\u00e9e, \u00e0 condition que nous avions pay\u00e9 la diff\u00e9rence imp\u00f4t&#8230;<\/em><\/p>\n<p><strong>&#8220;Tr\u00e8s bien situ\u00e9&#8221; Avis \u00e9crit le 25 Septembre 2012 par mobile<\/strong><br \/>\n<em>Tout va bien dans cet h\u00f4tel. Seul niggle mineur est des espaces de d\u00e9tente. Pas besoin d&#8217;aller chercher de personnel si vous besoin de quelque chose. Personnel tr\u00e8s sympathique et la bonne nourriture. Lieu parfait pour Supertar port et le ferry. S\u00e9jour tr\u00e8s agr\u00e9able.<\/em><\/p>\n<p><strong><span style=\"color: #ff6600;\">Booking.com reviews:<\/span><\/strong><br \/>\n<strong>Very good, 8 Score from 12 reviews<\/strong><\/p>\n<p>Total Hotel Score: 8 Based on 12 reviews<br \/>\n<strong>Guest reviews are written by our customers after their stay at Hotel Villa Adriatica.<\/strong><br \/>\n<em>\u201c The hotel is in a great location, ideal just minutes walk away to the town center bars and restaurants. We had a good size balcony and sea view (top floor room), with nicely stocked mini-bar and large LCD TV. Our son had a balcony overlooking village and both were great. \u201d<\/em><\/p>\n<p><strong>Score breakdown<\/strong><br \/>\n<span style=\"color: #ff6600;\">\u2794<\/span> Cleaniness <strong>8.1<\/strong><br \/>\n<span style=\"color: #ff6600;\">\u2794<\/span> Comfort <strong>7.9<\/strong><br \/>\n<span style=\"color: #ff6600;\">\u2794<\/span> Location <strong>9<\/strong><br \/>\n<span style=\"color: #ff6600;\">\u2794<\/span> Facilities <strong>7.7<\/strong><br \/>\n<span style=\"color: #ff6600;\">\u2794<\/span> Staff <strong>8.1<\/strong><br \/>\n<span style=\"color: #ff6600;\">\u2794<\/span> Value for money <strong>7.3<\/strong><\/p>\n<p>Bienvenue \u00e0 la Villa Adriatica!<br \/>\n<!-- Social Ring Buttons Start --><div class=\"social-ring\">\n<div class=\"social-ring-button\"><fb:like href=\"https:\/\/www.villaadriatica.com\/fr\/guestbook\/\" showfaces=\"false\" layout=\"button_count\" action=\"like\"><\/fb:like><\/div>\n<div class=\"social-ring-button\"><a href=\"https:\/\/www.facebook.com\/sharer\/sharer.php?s=100&p[url]=https:\/\/www.villaadriatica.com\/fr\/guestbook\/\" target=\"_blank\"\n\t\t\t\t\t\t\tonclick=\"window.open('https:\/\/www.facebook.com\/sharer\/sharer.php?s=100&p[url]=https:\/\/www.villaadriatica.com\/fr\/guestbook\/', 'newwindow', 'width=600, height=450'); return false;\" >\n\t\t\t\t\t\t\t<img decoding=\"async\" style=\"display:block; background: none; padding: 0px; border:0px;\" src=\"https:\/\/www.villaadriatica.com\/wp-content\/plugins\/wordpress-social-ring\/includes\/..\/admin\/images\/sr-fb-share.png\" alt=\"Share\"\/>\n\t\t\t\t\t\t<\/a><\/div>\n<div class=\"social-ring-button\"><a rel=\"nofollow\" href=\"http:\/\/twitter.com\/share\" lang=\"en\" data-url=\"https:\/\/www.villaadriatica.com\/fr\/guestbook\/\" data-text=\"Impressions des h\u00f4tes de l'h\u00f4tel\" data-count=\"horizontal\" class=\"sr-twitter-button twitter-share-button\"><\/a><\/div>\n<div class=\"social-ring-button\"><div class=\"g-plusone\" data-href=\"https:\/\/www.villaadriatica.com\/fr\/guestbook\/\" data-size=\"medium\" ><\/div><\/div>\n<div class=\"social-ring-button\"><a rel=\"nofollow\" href=\"http:\/\/pinterest.com\/pin\/create\/button\/?url=https%3A%2F%2Fwww.villaadriatica.com%2Ffr%2Fguestbook%2F&media=https%3A%2F%2Fwww.villaadriatica.com%2Fwp-content%2Fuploads%2F2013%2F07%2FExcellence2013.jpg&description=Impressions+des+h%C3%B4tes+de+l%26%23039%3Bh%C3%B4tel\" class=\"pin-it-button\"count-layout=\"horizontal\"><\/a><\/div>\n<\/div><!-- Social Ring Buttons End -->\n<\/p>\n","protected":false},"excerpt":{"rendered":"<p>Trip advisor, notation: &#8220;Excellente H\u00f4tel&#8221; Comment\u00e9 Janvier 24, 2013 Nous avons vraiment appr\u00e9ci\u00e9 cet h\u00f4tel. Il a un bon emplacement, les chambres sont tr\u00e8s propres, le petit d\u00e9jeuner buffet est excellente, et le personnel&#8230;<\/p>\n","protected":false},"author":1,"featured_media":0,"parent":0,"menu_order":0,"comment_status":"closed","ping_status":"closed","template":"","meta":{"footnotes":""},"class_list":["post-1037","page","type-page","status-publish","hentry"],"yoast_head":"<!-- This site is optimized with the Yoast SEO plugin v25.1 - https:\/\/yoast.com\/wordpress\/plugins\/seo\/ -->\n<title>Hotel Villa Adriatica | Supetar, Bra\u010d | Impressions<\/title>\n<meta name=\"description\" content=\"Trip advisor, notation: Excellente H\u00f4tel Comment\u00e9 Janvier 24, 2013 - Nous avons vraiment appr\u00e9ci\u00e9 cet h\u00f4tel. Il a un bon emplacement, les chambres sont tr\u00e8s propres, le petit d\u00e9jeuner buffet est excellente, et le personnel tr\u00e8s gentil et serviable.\" \/>\n<meta name=\"robots\" content=\"index, follow, max-snippet:-1, max-image-preview:large, max-video-preview:-1\" \/>\n<link rel=\"canonical\" href=\"https:\/\/www.villaadriatica.com\/fr\/guestbook\/\" \/>\n<meta property=\"og:locale\" content=\"fr_FR\" \/>\n<meta property=\"og:type\" content=\"article\" \/>\n<meta property=\"og:title\" content=\"Hotel Villa Adriatica | Supetar, Bra\u010d | Impressions\" \/>\n<meta property=\"og:description\" content=\"Trip advisor, notation: Excellente H\u00f4tel Comment\u00e9 Janvier 24, 2013 - Nous avons vraiment appr\u00e9ci\u00e9 cet h\u00f4tel. Il a un bon emplacement, les chambres sont tr\u00e8s propres, le petit d\u00e9jeuner buffet est excellente, et le personnel tr\u00e8s gentil et serviable.\" \/>\n<meta property=\"og:url\" content=\"https:\/\/www.villaadriatica.com\/fr\/guestbook\/\" \/>\n<meta property=\"article:modified_time\" content=\"2014-02-07T13:13:41+00:00\" \/>\n<meta property=\"og:image\" content=\"https:\/\/www.villaadriatica.com\/wp-content\/uploads\/2014\/02\/Reviewd.jpg\" \/>\n<meta name=\"twitter:label1\" content=\"Dur\u00e9e de lecture estim\u00e9e\" \/>\n\t<meta name=\"twitter:data1\" content=\"2 minutes\" \/>\n<script type=\"application\/ld+json\" class=\"yoast-schema-graph\">{\"@context\":\"https:\/\/schema.org\",\"@graph\":[{\"@type\":\"WebPage\",\"@id\":\"https:\/\/www.villaadriatica.com\/fr\/guestbook\/\",\"url\":\"https:\/\/www.villaadriatica.com\/fr\/guestbook\/\",\"name\":\"Hotel Villa Adriatica | Supetar, Bra\u010d | Impressions\",\"isPartOf\":{\"@id\":\"https:\/\/www.villaadriatica.com\/hr\/#website\"},\"primaryImageOfPage\":{\"@id\":\"https:\/\/www.villaadriatica.com\/fr\/guestbook\/#primaryimage\"},\"image\":{\"@id\":\"https:\/\/www.villaadriatica.com\/fr\/guestbook\/#primaryimage\"},\"thumbnailUrl\":\"https:\/\/www.villaadriatica.com\/wp-content\/uploads\/2014\/02\/Reviewd.jpg\",\"datePublished\":\"2013-07-21T14:35:03+00:00\",\"dateModified\":\"2014-02-07T13:13:41+00:00\",\"description\":\"Trip advisor, notation: Excellente H\u00f4tel Comment\u00e9 Janvier 24, 2013 - Nous avons vraiment appr\u00e9ci\u00e9 cet h\u00f4tel. Il a un bon emplacement, les chambres sont tr\u00e8s propres, le petit d\u00e9jeuner buffet est excellente, et le personnel tr\u00e8s gentil et serviable.\",\"breadcrumb\":{\"@id\":\"https:\/\/www.villaadriatica.com\/fr\/guestbook\/#breadcrumb\"},\"inLanguage\":\"fr-FR\",\"potentialAction\":[{\"@type\":\"ReadAction\",\"target\":[\"https:\/\/www.villaadriatica.com\/fr\/guestbook\/\"]}]},{\"@type\":\"ImageObject\",\"inLanguage\":\"fr-FR\",\"@id\":\"https:\/\/www.villaadriatica.com\/fr\/guestbook\/#primaryimage\",\"url\":\"https:\/\/www.villaadriatica.com\/wp-content\/uploads\/2014\/02\/Reviewd.jpg\",\"contentUrl\":\"https:\/\/www.villaadriatica.com\/wp-content\/uploads\/2014\/02\/Reviewd.jpg\"},{\"@type\":\"BreadcrumbList\",\"@id\":\"https:\/\/www.villaadriatica.com\/fr\/guestbook\/#breadcrumb\",\"itemListElement\":[{\"@type\":\"ListItem\",\"position\":1,\"name\":\"Home\",\"item\":\"https:\/\/www.villaadriatica.com\/fr\/\"},{\"@type\":\"ListItem\",\"position\":2,\"name\":\"Impressions des h\u00f4tes de l&#8217;h\u00f4tel\"}]},{\"@type\":\"WebSite\",\"@id\":\"https:\/\/www.villaadriatica.com\/hr\/#website\",\"url\":\"https:\/\/www.villaadriatica.com\/hr\/\",\"name\":\"\",\"description\":\"\",\"potentialAction\":[{\"@type\":\"SearchAction\",\"target\":{\"@type\":\"EntryPoint\",\"urlTemplate\":\"https:\/\/www.villaadriatica.com\/hr\/?s={search_term_string}\"},\"query-input\":{\"@type\":\"PropertyValueSpecification\",\"valueRequired\":true,\"valueName\":\"search_term_string\"}}],\"inLanguage\":\"fr-FR\"}]}<\/script>\n<!-- \/ Yoast SEO plugin. -->","yoast_head_json":{"title":"Hotel Villa Adriatica | Supetar, Bra\u010d | Impressions","description":"Trip advisor, notation: Excellente H\u00f4tel Comment\u00e9 Janvier 24, 2013 - Nous avons vraiment appr\u00e9ci\u00e9 cet h\u00f4tel. Il a un bon emplacement, les chambres sont tr\u00e8s propres, le petit d\u00e9jeuner buffet est excellente, et le personnel tr\u00e8s gentil et serviable.","robots":{"index":"index","follow":"follow","max-snippet":"max-snippet:-1","max-image-preview":"max-image-preview:large","max-video-preview":"max-video-preview:-1"},"canonical":"https:\/\/www.villaadriatica.com\/fr\/guestbook\/","og_locale":"fr_FR","og_type":"article","og_title":"Hotel Villa Adriatica | Supetar, Bra\u010d | Impressions","og_description":"Trip advisor, notation: Excellente H\u00f4tel Comment\u00e9 Janvier 24, 2013 - Nous avons vraiment appr\u00e9ci\u00e9 cet h\u00f4tel. Il a un bon emplacement, les chambres sont tr\u00e8s propres, le petit d\u00e9jeuner buffet est excellente, et le personnel tr\u00e8s gentil et serviable.","og_url":"https:\/\/www.villaadriatica.com\/fr\/guestbook\/","article_modified_time":"2014-02-07T13:13:41+00:00","og_image":[{"url":"https:\/\/www.villaadriatica.com\/wp-content\/uploads\/2014\/02\/Reviewd.jpg","type":"","width":"","height":""}],"twitter_misc":{"Dur\u00e9e de lecture estim\u00e9e":"2 minutes"},"schema":{"@context":"https:\/\/schema.org","@graph":[{"@type":"WebPage","@id":"https:\/\/www.villaadriatica.com\/fr\/guestbook\/","url":"https:\/\/www.villaadriatica.com\/fr\/guestbook\/","name":"Hotel Villa Adriatica | Supetar, Bra\u010d | Impressions","isPartOf":{"@id":"https:\/\/www.villaadriatica.com\/hr\/#website"},"primaryImageOfPage":{"@id":"https:\/\/www.villaadriatica.com\/fr\/guestbook\/#primaryimage"},"image":{"@id":"https:\/\/www.villaadriatica.com\/fr\/guestbook\/#primaryimage"},"thumbnailUrl":"https:\/\/www.villaadriatica.com\/wp-content\/uploads\/2014\/02\/Reviewd.jpg","datePublished":"2013-07-21T14:35:03+00:00","dateModified":"2014-02-07T13:13:41+00:00","description":"Trip advisor, notation: Excellente H\u00f4tel Comment\u00e9 Janvier 24, 2013 - Nous avons vraiment appr\u00e9ci\u00e9 cet h\u00f4tel. Il a un bon emplacement, les chambres sont tr\u00e8s propres, le petit d\u00e9jeuner buffet est excellente, et le personnel tr\u00e8s gentil et serviable.","breadcrumb":{"@id":"https:\/\/www.villaadriatica.com\/fr\/guestbook\/#breadcrumb"},"inLanguage":"fr-FR","potentialAction":[{"@type":"ReadAction","target":["https:\/\/www.villaadriatica.com\/fr\/guestbook\/"]}]},{"@type":"ImageObject","inLanguage":"fr-FR","@id":"https:\/\/www.villaadriatica.com\/fr\/guestbook\/#primaryimage","url":"https:\/\/www.villaadriatica.com\/wp-content\/uploads\/2014\/02\/Reviewd.jpg","contentUrl":"https:\/\/www.villaadriatica.com\/wp-content\/uploads\/2014\/02\/Reviewd.jpg"},{"@type":"BreadcrumbList","@id":"https:\/\/www.villaadriatica.com\/fr\/guestbook\/#breadcrumb","itemListElement":[{"@type":"ListItem","position":1,"name":"Home","item":"https:\/\/www.villaadriatica.com\/fr\/"},{"@type":"ListItem","position":2,"name":"Impressions des h\u00f4tes de l&#8217;h\u00f4tel"}]},{"@type":"WebSite","@id":"https:\/\/www.villaadriatica.com\/hr\/#website","url":"https:\/\/www.villaadriatica.com\/hr\/","name":"","description":"","potentialAction":[{"@type":"SearchAction","target":{"@type":"EntryPoint","urlTemplate":"https:\/\/www.villaadriatica.com\/hr\/?s={search_term_string}"},"query-input":{"@type":"PropertyValueSpecification","valueRequired":true,"valueName":"search_term_string"}}],"inLanguage":"fr-FR"}]}},"_links":{"self":[{"href":"https:\/\/www.villaadriatica.com\/fr\/wp-json\/wp\/v2\/pages\/1037","targetHints":{"allow":["GET"]}}],"collection":[{"href":"https:\/\/www.villaadriatica.com\/fr\/wp-json\/wp\/v2\/pages"}],"about":[{"href":"https:\/\/www.villaadriatica.com\/fr\/wp-json\/wp\/v2\/types\/page"}],"author":[{"embeddable":true,"href":"https:\/\/www.villaadriatica.com\/fr\/wp-json\/wp\/v2\/users\/1"}],"replies":[{"embeddable":true,"href":"https:\/\/www.villaadriatica.com\/fr\/wp-json\/wp\/v2\/comments?post=1037"}],"version-history":[{"count":6,"href":"https:\/\/www.villaadriatica.com\/fr\/wp-json\/wp\/v2\/pages\/1037\/revisions"}],"predecessor-version":[{"id":2241,"href":"https:\/\/www.villaadriatica.com\/fr\/wp-json\/wp\/v2\/pages\/1037\/revisions\/2241"}],"wp:attachment":[{"href":"https:\/\/www.villaadriatica.com\/fr\/wp-json\/wp\/v2\/media?parent=1037"}],"curies":[{"name":"wp","href":"https:\/\/api.w.org\/{rel}","templated":true}]}}