{"id":1030,"date":"2013-07-11T13:43:30","date_gmt":"2013-07-11T13:43:30","guid":{"rendered":"https:\/\/www.villaadriatica.com\/facilities-and-services-2\/"},"modified":"2013-10-21T12:05:45","modified_gmt":"2013-10-21T12:05:45","slug":"equipment","status":"publish","type":"page","link":"https:\/\/www.villaadriatica.com\/fr\/equipment\/","title":{"rendered":"\u00c9quipment"},"content":{"rendered":"<p style=\"color: #000000;\"><span style=\"color: #ff6600;\">\u2794<\/span> 24 chambres doubles<br \/>\n<span style=\"color: #ff6600;\">\u2794<\/span> Air conditionn\u00e9 et chauffage<br \/>\n<span style=\"color: #ff6600;\">\u2794<\/span> T\u00e9l\u00e9phone<br \/>\n<span style=\"color: #ff6600;\">\u2794<\/span> SAT \/ TV<br \/>\n<span style=\"color: #ff6600;\">\u2794<\/span> Balcon<br \/>\n<span style=\"color: #ff6600;\">\u2794<\/span> Restaurant<br \/>\n<span style=\"color: #ff6600;\">\u2794<\/span> Terrasse caf\u00e9-bar et cocktail caf\u00e9-bar<br \/>\n<span style=\"color: #ff6600;\">\u2794<\/span> Musique agreable<br \/>\n<span style=\"color: #ff6600;\">\u2794<\/span> Jardin<br \/>\n<span style=\"color: #ff6600;\">\u2794<\/span> Piscine et jacuzzi ext\u00e9rieur<br \/>\n<span style=\"color: #ff6600;\">\u2794<\/span> Yoga et massage<br \/>\n<span style=\"color: #ff6600;\">\u2794<\/span> Welness et sauna, bain massage<br \/>\n<span style=\"color: #ff6600;\">\u2794<\/span> salle de sejour<br \/>\n<span style=\"color: #ff6600;\">\u2794<\/span> 24 heures de reception<br \/>\n<span style=\"color: #ff6600;\">\u2794<\/span> proximit\u00e9 de la plage<br \/>\n<span style=\"color: #ff6600;\">\u2794<\/span> proximit\u00e9 de terrains de sport<br \/>\n<span style=\"color: #ff6600;\">\u2794<\/span> Sp\u00e9cial soir\u00e9es cocktail au bord de la piscine<br \/>\n<span style=\"color: #ff6600;\">\u2794<\/span> Le personnel amical<\/p>\n<p><strong><span style=\"color: #ff6600;\">\u2794<\/span> Et bien plus encore&#8230;<br \/>\n<\/strong><\/p>\n<p><div id='gallery-1' class='gallery galleryid-1030 gallery-columns-3 gallery-size-thumbnail'><figure class='gallery-item'>\n\t\t\t<div class='gallery-icon landscape'>\n\t\t\t\t<a href='https:\/\/www.villaadriatica.com\/wp-content\/uploads\/2021\/05\/villa-adriatica-cocktail-bar.jpg'><img loading=\"lazy\" decoding=\"async\" width=\"150\" height=\"150\" src=\"https:\/\/www.villaadriatica.com\/wp-content\/uploads\/2021\/05\/villa-adriatica-cocktail-bar-150x150.jpg\" class=\"attachment-thumbnail size-thumbnail\" alt=\"\" \/><\/a>\n\t\t\t<\/div><\/figure>\n\t\t<\/div>\n<br \/>\nH\u00f4tel Villa Adriatica, notre petit h\u00f4tel familial peut offrir 24 chambres d\u00e9cor\u00e9es individuellement et climatis\u00e9es avec salle de bains priv\u00e9e et tous les \u00e9quipements n\u00e9cessaires, y compris une connexion Wi-Fi gratuite. Dans notre petit h\u00f4tel, vous et votre famille ou vos amis, vous serez bienvenus et notre personnel ferA tout son possible pour faire votre sejour agr\u00e9able comme dans votre deuxieme maison.<br \/>\nD\u00e9tendez-vous et rejoignez-nous dans une ambiance amicale de Villa Adriatica! Notre famille va s&#8217;occuper pour faire vous et votre famille passer les vacances inoubliables \u00e0 Supetar.<\/p>\n<p><strong>Bienvenue \u00e0 la Villa Adriatica!<\/strong><\/p>\n<p><strong><a href=\"https:\/\/www.villaadriatica.com\/wp-content\/uploads\/2013\/07\/Hotel-Villa-Adriatica-Supetar-Brac-110.jpg\"><img loading=\"lazy\" decoding=\"async\" class=\"alignnone  wp-image-337\" title=\"Welcome to Hotel Villa Adriatica - Supetar, Island Bra\u010d\" src=\"https:\/\/www.villaadriatica.com\/wp-content\/uploads\/2013\/07\/Hotel-Villa-Adriatica-Supetar-Brac-110.jpg\" alt=\"\" width=\"630\" height=\"420\" srcset=\"https:\/\/www.villaadriatica.com\/wp-content\/uploads\/2013\/07\/Hotel-Villa-Adriatica-Supetar-Brac-110.jpg 900w, https:\/\/www.villaadriatica.com\/wp-content\/uploads\/2013\/07\/Hotel-Villa-Adriatica-Supetar-Brac-110-300x200.jpg 300w\" sizes=\"auto, (max-width: 630px) 100vw, 630px\" \/><\/a><\/strong><br \/>\n<!-- Social Ring Buttons Start --><div class=\"social-ring\">\n<div class=\"social-ring-button\"><fb:like href=\"https:\/\/www.villaadriatica.com\/fr\/equipment\/\" showfaces=\"false\" layout=\"button_count\" action=\"like\"><\/fb:like><\/div>\n<div class=\"social-ring-button\"><a href=\"https:\/\/www.facebook.com\/sharer\/sharer.php?s=100&p[url]=https:\/\/www.villaadriatica.com\/fr\/equipment\/\" target=\"_blank\"\n\t\t\t\t\t\t\tonclick=\"window.open('https:\/\/www.facebook.com\/sharer\/sharer.php?s=100&p[url]=https:\/\/www.villaadriatica.com\/fr\/equipment\/', 'newwindow', 'width=600, height=450'); return false;\" >\n\t\t\t\t\t\t\t<img decoding=\"async\" style=\"display:block; background: none; padding: 0px; border:0px;\" src=\"https:\/\/www.villaadriatica.com\/wp-content\/plugins\/wordpress-social-ring\/includes\/..\/admin\/images\/sr-fb-share.png\" alt=\"Share\"\/>\n\t\t\t\t\t\t<\/a><\/div>\n<div class=\"social-ring-button\"><a rel=\"nofollow\" href=\"http:\/\/twitter.com\/share\" lang=\"en\" data-url=\"https:\/\/www.villaadriatica.com\/fr\/equipment\/\" data-text=\"\u00c9quipment\" data-count=\"horizontal\" class=\"sr-twitter-button twitter-share-button\"><\/a><\/div>\n<div class=\"social-ring-button\"><div class=\"g-plusone\" data-href=\"https:\/\/www.villaadriatica.com\/fr\/equipment\/\" data-size=\"medium\" ><\/div><\/div>\n<div class=\"social-ring-button\"><a rel=\"nofollow\" href=\"http:\/\/pinterest.com\/pin\/create\/button\/?url=https%3A%2F%2Fwww.villaadriatica.com%2Ffr%2Fequipment%2F&media=https%3A%2F%2Fwww.villaadriatica.com%2Fwp-content%2Fuploads%2F2021%2F05%2Fvilla-adriatica-cocktail-bar-150x150.jpg&description=%C3%89quipment\" class=\"pin-it-button\"count-layout=\"horizontal\"><\/a><\/div>\n<\/div><!-- Social Ring Buttons End -->\n<\/p>\n","protected":false},"excerpt":{"rendered":"<p>\u2794 24 chambres doubles \u2794 Air conditionn\u00e9 et chauffage \u2794 T\u00e9l\u00e9phone \u2794 SAT \/ TV \u2794 Balcon \u2794 Restaurant \u2794 Terrasse caf\u00e9-bar et cocktail caf\u00e9-bar \u2794 Musique agreable \u2794 Jardin \u2794 Piscine et jacuzzi&#8230;<\/p>\n","protected":false},"author":1,"featured_media":0,"parent":0,"menu_order":0,"comment_status":"closed","ping_status":"closed","template":"","meta":{"footnotes":""},"class_list":["post-1030","page","type-page","status-publish","hentry"],"yoast_head":"<!-- This site is optimized with the Yoast SEO plugin v25.1 - https:\/\/yoast.com\/wordpress\/plugins\/seo\/ -->\n<title>Hotel Villa Adriatica - \u00c9quipment<\/title>\n<meta name=\"description\" content=\"24 chambres doubles, Air conditionn\u00e9 et chauffage, T\u00e9l\u00e9phone, SAT \/ TV, Balcon, Restaurant, Terrasse caf\u00e9-bar et cocktail caf\u00e9-bar, Musique agreable, Jardin, Piscine et jacuzzi ext\u00e9rieur, Yoga et massage...\" \/>\n<meta name=\"robots\" content=\"index, follow, max-snippet:-1, max-image-preview:large, max-video-preview:-1\" \/>\n<link rel=\"canonical\" href=\"https:\/\/www.villaadriatica.com\/fr\/equipment\/\" \/>\n<meta property=\"og:locale\" content=\"fr_FR\" \/>\n<meta property=\"og:type\" content=\"article\" \/>\n<meta property=\"og:title\" content=\"Hotel Villa Adriatica - \u00c9quipment\" \/>\n<meta property=\"og:description\" content=\"24 chambres doubles, Air conditionn\u00e9 et chauffage, T\u00e9l\u00e9phone, SAT \/ TV, Balcon, Restaurant, Terrasse caf\u00e9-bar et cocktail caf\u00e9-bar, Musique agreable, Jardin, Piscine et jacuzzi ext\u00e9rieur, Yoga et massage...\" \/>\n<meta property=\"og:url\" content=\"https:\/\/www.villaadriatica.com\/fr\/equipment\/\" \/>\n<meta property=\"article:modified_time\" content=\"2013-10-21T12:05:45+00:00\" \/>\n<meta property=\"og:image\" content=\"https:\/\/www.villaadriatica.com\/wp-content\/uploads\/2021\/05\/villa-adriatica-cocktail-bar-150x150.jpg\" \/>\n<meta name=\"twitter:label1\" content=\"Dur\u00e9e de lecture estim\u00e9e\" \/>\n\t<meta name=\"twitter:data1\" content=\"1 minute\" \/>\n<script type=\"application\/ld+json\" class=\"yoast-schema-graph\">{\"@context\":\"https:\/\/schema.org\",\"@graph\":[{\"@type\":\"WebPage\",\"@id\":\"https:\/\/www.villaadriatica.com\/fr\/equipment\/\",\"url\":\"https:\/\/www.villaadriatica.com\/fr\/equipment\/\",\"name\":\"Hotel Villa Adriatica - \u00c9quipment\",\"isPartOf\":{\"@id\":\"https:\/\/www.villaadriatica.com\/hr\/#website\"},\"primaryImageOfPage\":{\"@id\":\"https:\/\/www.villaadriatica.com\/fr\/equipment\/#primaryimage\"},\"image\":{\"@id\":\"https:\/\/www.villaadriatica.com\/fr\/equipment\/#primaryimage\"},\"thumbnailUrl\":\"https:\/\/www.villaadriatica.com\/wp-content\/uploads\/2013\/07\/Hotel-Villa-Adriatica-Supetar-Brac-110.jpg\",\"datePublished\":\"2013-07-11T13:43:30+00:00\",\"dateModified\":\"2013-10-21T12:05:45+00:00\",\"description\":\"24 chambres doubles, Air conditionn\u00e9 et chauffage, T\u00e9l\u00e9phone, SAT \/ TV, Balcon, Restaurant, Terrasse caf\u00e9-bar et cocktail caf\u00e9-bar, Musique agreable, Jardin, Piscine et jacuzzi ext\u00e9rieur, Yoga et massage...\",\"breadcrumb\":{\"@id\":\"https:\/\/www.villaadriatica.com\/fr\/equipment\/#breadcrumb\"},\"inLanguage\":\"fr-FR\",\"potentialAction\":[{\"@type\":\"ReadAction\",\"target\":[\"https:\/\/www.villaadriatica.com\/fr\/equipment\/\"]}]},{\"@type\":\"ImageObject\",\"inLanguage\":\"fr-FR\",\"@id\":\"https:\/\/www.villaadriatica.com\/fr\/equipment\/#primaryimage\",\"url\":\"https:\/\/www.villaadriatica.com\/wp-content\/uploads\/2013\/07\/Hotel-Villa-Adriatica-Supetar-Brac-110.jpg\",\"contentUrl\":\"https:\/\/www.villaadriatica.com\/wp-content\/uploads\/2013\/07\/Hotel-Villa-Adriatica-Supetar-Brac-110.jpg\"},{\"@type\":\"BreadcrumbList\",\"@id\":\"https:\/\/www.villaadriatica.com\/fr\/equipment\/#breadcrumb\",\"itemListElement\":[{\"@type\":\"ListItem\",\"position\":1,\"name\":\"Home\",\"item\":\"https:\/\/www.villaadriatica.com\/fr\/\"},{\"@type\":\"ListItem\",\"position\":2,\"name\":\"\u00c9quipment\"}]},{\"@type\":\"WebSite\",\"@id\":\"https:\/\/www.villaadriatica.com\/hr\/#website\",\"url\":\"https:\/\/www.villaadriatica.com\/hr\/\",\"name\":\"\",\"description\":\"\",\"potentialAction\":[{\"@type\":\"SearchAction\",\"target\":{\"@type\":\"EntryPoint\",\"urlTemplate\":\"https:\/\/www.villaadriatica.com\/hr\/?s={search_term_string}\"},\"query-input\":{\"@type\":\"PropertyValueSpecification\",\"valueRequired\":true,\"valueName\":\"search_term_string\"}}],\"inLanguage\":\"fr-FR\"}]}<\/script>\n<!-- \/ Yoast SEO plugin. -->","yoast_head_json":{"title":"Hotel Villa Adriatica - \u00c9quipment","description":"24 chambres doubles, Air conditionn\u00e9 et chauffage, T\u00e9l\u00e9phone, SAT \/ TV, Balcon, Restaurant, Terrasse caf\u00e9-bar et cocktail caf\u00e9-bar, Musique agreable, Jardin, Piscine et jacuzzi ext\u00e9rieur, Yoga et massage...","robots":{"index":"index","follow":"follow","max-snippet":"max-snippet:-1","max-image-preview":"max-image-preview:large","max-video-preview":"max-video-preview:-1"},"canonical":"https:\/\/www.villaadriatica.com\/fr\/equipment\/","og_locale":"fr_FR","og_type":"article","og_title":"Hotel Villa Adriatica - \u00c9quipment","og_description":"24 chambres doubles, Air conditionn\u00e9 et chauffage, T\u00e9l\u00e9phone, SAT \/ TV, Balcon, Restaurant, Terrasse caf\u00e9-bar et cocktail caf\u00e9-bar, Musique agreable, Jardin, Piscine et jacuzzi ext\u00e9rieur, Yoga et massage...","og_url":"https:\/\/www.villaadriatica.com\/fr\/equipment\/","article_modified_time":"2013-10-21T12:05:45+00:00","og_image":[{"url":"https:\/\/www.villaadriatica.com\/wp-content\/uploads\/2021\/05\/villa-adriatica-cocktail-bar-150x150.jpg","type":"","width":"","height":""}],"twitter_misc":{"Dur\u00e9e de lecture estim\u00e9e":"1 minute"},"schema":{"@context":"https:\/\/schema.org","@graph":[{"@type":"WebPage","@id":"https:\/\/www.villaadriatica.com\/fr\/equipment\/","url":"https:\/\/www.villaadriatica.com\/fr\/equipment\/","name":"Hotel Villa Adriatica - \u00c9quipment","isPartOf":{"@id":"https:\/\/www.villaadriatica.com\/hr\/#website"},"primaryImageOfPage":{"@id":"https:\/\/www.villaadriatica.com\/fr\/equipment\/#primaryimage"},"image":{"@id":"https:\/\/www.villaadriatica.com\/fr\/equipment\/#primaryimage"},"thumbnailUrl":"https:\/\/www.villaadriatica.com\/wp-content\/uploads\/2013\/07\/Hotel-Villa-Adriatica-Supetar-Brac-110.jpg","datePublished":"2013-07-11T13:43:30+00:00","dateModified":"2013-10-21T12:05:45+00:00","description":"24 chambres doubles, Air conditionn\u00e9 et chauffage, T\u00e9l\u00e9phone, SAT \/ TV, Balcon, Restaurant, Terrasse caf\u00e9-bar et cocktail caf\u00e9-bar, Musique agreable, Jardin, Piscine et jacuzzi ext\u00e9rieur, Yoga et massage...","breadcrumb":{"@id":"https:\/\/www.villaadriatica.com\/fr\/equipment\/#breadcrumb"},"inLanguage":"fr-FR","potentialAction":[{"@type":"ReadAction","target":["https:\/\/www.villaadriatica.com\/fr\/equipment\/"]}]},{"@type":"ImageObject","inLanguage":"fr-FR","@id":"https:\/\/www.villaadriatica.com\/fr\/equipment\/#primaryimage","url":"https:\/\/www.villaadriatica.com\/wp-content\/uploads\/2013\/07\/Hotel-Villa-Adriatica-Supetar-Brac-110.jpg","contentUrl":"https:\/\/www.villaadriatica.com\/wp-content\/uploads\/2013\/07\/Hotel-Villa-Adriatica-Supetar-Brac-110.jpg"},{"@type":"BreadcrumbList","@id":"https:\/\/www.villaadriatica.com\/fr\/equipment\/#breadcrumb","itemListElement":[{"@type":"ListItem","position":1,"name":"Home","item":"https:\/\/www.villaadriatica.com\/fr\/"},{"@type":"ListItem","position":2,"name":"\u00c9quipment"}]},{"@type":"WebSite","@id":"https:\/\/www.villaadriatica.com\/hr\/#website","url":"https:\/\/www.villaadriatica.com\/hr\/","name":"","description":"","potentialAction":[{"@type":"SearchAction","target":{"@type":"EntryPoint","urlTemplate":"https:\/\/www.villaadriatica.com\/hr\/?s={search_term_string}"},"query-input":{"@type":"PropertyValueSpecification","valueRequired":true,"valueName":"search_term_string"}}],"inLanguage":"fr-FR"}]}},"_links":{"self":[{"href":"https:\/\/www.villaadriatica.com\/fr\/wp-json\/wp\/v2\/pages\/1030","targetHints":{"allow":["GET"]}}],"collection":[{"href":"https:\/\/www.villaadriatica.com\/fr\/wp-json\/wp\/v2\/pages"}],"about":[{"href":"https:\/\/www.villaadriatica.com\/fr\/wp-json\/wp\/v2\/types\/page"}],"author":[{"embeddable":true,"href":"https:\/\/www.villaadriatica.com\/fr\/wp-json\/wp\/v2\/users\/1"}],"replies":[{"embeddable":true,"href":"https:\/\/www.villaadriatica.com\/fr\/wp-json\/wp\/v2\/comments?post=1030"}],"version-history":[{"count":6,"href":"https:\/\/www.villaadriatica.com\/fr\/wp-json\/wp\/v2\/pages\/1030\/revisions"}],"predecessor-version":[{"id":1036,"href":"https:\/\/www.villaadriatica.com\/fr\/wp-json\/wp\/v2\/pages\/1030\/revisions\/1036"}],"wp:attachment":[{"href":"https:\/\/www.villaadriatica.com\/fr\/wp-json\/wp\/v2\/media?parent=1030"}],"curies":[{"name":"wp","href":"https:\/\/api.w.org\/{rel}","templated":true}]}}