{"version":"1.0","provider_name":"","provider_url":"https:\/\/www.villaadriatica.com\/fr\/","author_name":"Villa Adriatica","author_url":"https:\/\/www.villaadriatica.com\/fr\/author\/villa-adriatica\/","title":"Hotel Villa Adriatica | Supetar, \u00eele de Brac","type":"rich","width":600,"height":338,"html":"<blockquote class=\"wp-embedded-content\" data-secret=\"TdFIMN2Rwg\"><a href=\"https:\/\/www.villaadriatica.com\/fr\/gallery\/ile-de-brac\/\">\u00eele de Brac<\/a><\/blockquote><iframe sandbox=\"allow-scripts\" security=\"restricted\" src=\"https:\/\/www.villaadriatica.com\/fr\/gallery\/ile-de-brac\/embed\/#?secret=TdFIMN2Rwg\" width=\"600\" height=\"338\" title=\"\u00ab\u00a0\u00eele de Brac\u00a0\u00bb &#8212; \" data-secret=\"TdFIMN2Rwg\" frameborder=\"0\" marginwidth=\"0\" marginheight=\"0\" scrolling=\"no\" class=\"wp-embedded-content\"><\/iframe><script>\n\/*! This file is auto-generated *\/\n!function(d,l){\"use strict\";l.querySelector&&d.addEventListener&&\"undefined\"!=typeof URL&&(d.wp=d.wp||{},d.wp.receiveEmbedMessage||(d.wp.receiveEmbedMessage=function(e){var t=e.data;if((t||t.secret||t.message||t.value)&&!\/[^a-zA-Z0-9]\/.test(t.secret)){for(var s,r,n,a=l.querySelectorAll('iframe[data-secret=\"'+t.secret+'\"]'),o=l.querySelectorAll('blockquote[data-secret=\"'+t.secret+'\"]'),c=new RegExp(\"^https?:$\",\"i\"),i=0;i<o.length;i++)o[i].style.display=\"none\";for(i=0;i<a.length;i++)s=a[i],e.source===s.contentWindow&&(s.removeAttribute(\"style\"),\"height\"===t.message?(1e3<(r=parseInt(t.value,10))?r=1e3:~~r<200&&(r=200),s.height=r):\"link\"===t.message&&(r=new URL(s.getAttribute(\"src\")),n=new URL(t.value),c.test(n.protocol))&&n.host===r.host&&l.activeElement===s&&(d.top.location.href=t.value))}},d.addEventListener(\"message\",d.wp.receiveEmbedMessage,!1),l.addEventListener(\"DOMContentLoaded\",function(){for(var e,t,s=l.querySelectorAll(\"iframe.wp-embedded-content\"),r=0;r<s.length;r++)(t=(e=s[r]).getAttribute(\"data-secret\"))||(t=Math.random().toString(36).substring(2,12),e.src+=\"#?secret=\"+t,e.setAttribute(\"data-secret\",t)),e.contentWindow.postMessage({message:\"ready\",secret:t},\"*\")},!1)))}(window,document);\n\/\/# sourceURL=https:\/\/www.villaadriatica.com\/wp-includes\/js\/wp-embed.min.js\n<\/script>\n","thumbnail_url":"https:\/\/www.villaadriatica.com\/wp-content\/uploads\/2013\/07\/Brac-island-009.jpg","thumbnail_width":"920","thumbnail_height":"603","description":"L'\u00eele de Brac est situ\u00e9 dans un climat m\u00e9diterran\u00e9en caract\u00e9ristique, avec des hivers doux et pluvieux et un \u00e9t\u00e9 sec, chaud et ensoleill\u00e9, certainement la partie la plus chaude du nord de la M\u00e9diterran\u00e9e."}