{"id":1283,"date":"2013-07-11T13:43:30","date_gmt":"2013-07-11T13:43:30","guid":{"rendered":"https:\/\/www.villaadriatica.com\/facilities-and-services-2\/"},"modified":"2013-12-09T08:49:40","modified_gmt":"2013-12-09T08:49:40","slug":"instalaciones","status":"publish","type":"page","link":"https:\/\/www.villaadriatica.com\/es\/instalaciones\/","title":{"rendered":"Instalaciones"},"content":{"rendered":"<p style=\"color: #000000;\"><span style=\"color: #ff6600;\">\u2794<\/span> 23 habitaciones dobles<br \/>\n<span style=\"color: #ff6600;\">\u2794<\/span> Aire acondicionado y calefacci\u00f3n<br \/>\n<span style=\"color: #ff6600;\">\u2794<\/span> Tel\u00e9fono<br \/>\n<span style=\"color: #ff6600;\">\u2794<\/span> SAT \/ TV<br \/>\n<span style=\"color: #ff6600;\">\u2794<\/span> Balc\u00f3n<br \/>\n<span style=\"color: #ff6600;\">\u2794<\/span> Restaurante<br \/>\n<span style=\"color: #ff6600;\">\u2794<\/span> Terraza bar-cafeter\u00eda y c\u00f3ctel bar-cafeter\u00eda<br \/>\n<span style=\"color: #ff6600;\">\u2794<\/span> M\u00fasica en vivo<br \/>\n<span style=\"color: #ff6600;\">\u2794<\/span> Jard\u00edn<br \/>\n<span style=\"color: #ff6600;\">\u2794<\/span> Piscina y jacuzzi al aire libre<br \/>\n<span style=\"color: #ff6600;\">\u2794<\/span> Yoga y masaje<br \/>\n<span style=\"color: #ff6600;\">\u2794<\/span> Gimnasio y sauna, ba\u00f1era de hidromasaje<br \/>\n<span style=\"color: #ff6600;\">\u2794<\/span> Espacio de encuentro<br \/>\n<span style=\"color: #ff6600;\">\u2794<\/span> 24 horas de servicio de recepci\u00f3n<br \/>\n<span style=\"color: #ff6600;\">\u2794<\/span> Cerca de la playa<br \/>\n<span style=\"color: #ff6600;\">\u2794<\/span> Proximidad de instalaciones deportivas<br \/>\n<span style=\"color: #ff6600;\">\u2794<\/span> Noches especiales de c\u00f3ctel junto a la piscina<br \/>\n<span style=\"color: #ff6600;\">\u2794<\/span> Personal amable<br \/>\n<span style=\"color: #ff6600;\">\u2794<\/span> Prohibici\u00f3n de fumar en todos los espacios cerrados del hotel<\/p>\n<p><strong><span style=\"color: #ff6600;\">\u2794<\/span> Y mucho, mucho m\u00e1s&#8230;<br \/>\n<\/strong><\/p>\n<p><div id='gallery-1' class='gallery galleryid-1283 gallery-columns-3 gallery-size-thumbnail'><figure class='gallery-item'>\n\t\t\t<div class='gallery-icon landscape'>\n\t\t\t\t<a href='https:\/\/www.villaadriatica.com\/wp-content\/uploads\/2021\/05\/villa-adriatica-cocktail-bar.jpg'><img loading=\"lazy\" decoding=\"async\" width=\"150\" height=\"150\" src=\"https:\/\/www.villaadriatica.com\/wp-content\/uploads\/2021\/05\/villa-adriatica-cocktail-bar-150x150.jpg\" class=\"attachment-thumbnail size-thumbnail\" alt=\"\" \/><\/a>\n\t\t\t<\/div><\/figure><figure class='gallery-item'>\n\t\t\t<div class='gallery-icon landscape'>\n\t\t\t\t<a href='https:\/\/www.villaadriatica.com\/wp-content\/uploads\/2013\/07\/Hotel-Villa-Adriatica-Supetar-Brac-1101.jpg'><img loading=\"lazy\" decoding=\"async\" width=\"150\" height=\"150\" src=\"https:\/\/www.villaadriatica.com\/wp-content\/uploads\/2013\/07\/Hotel-Villa-Adriatica-Supetar-Brac-1101-150x150.jpg\" class=\"attachment-thumbnail size-thumbnail\" alt=\"\" \/><\/a>\n\t\t\t<\/div><\/figure><figure class='gallery-item'>\n\t\t\t<div class='gallery-icon landscape'>\n\t\t\t\t<a href='https:\/\/www.villaadriatica.com\/wp-content\/uploads\/2013\/07\/Hotel-Villa-Adriatica-Supetar-Brac-1121.jpg'><img loading=\"lazy\" decoding=\"async\" width=\"150\" height=\"150\" src=\"https:\/\/www.villaadriatica.com\/wp-content\/uploads\/2013\/07\/Hotel-Villa-Adriatica-Supetar-Brac-1121-150x150.jpg\" class=\"attachment-thumbnail size-thumbnail\" alt=\"\" \/><\/a>\n\t\t\t<\/div><\/figure><figure class='gallery-item'>\n\t\t\t<div class='gallery-icon landscape'>\n\t\t\t\t<a href='https:\/\/www.villaadriatica.com\/wp-content\/uploads\/2013\/07\/Hotel-Villa-Adriatica-Supetar-Brac-1131.jpg'><img loading=\"lazy\" decoding=\"async\" width=\"150\" height=\"150\" src=\"https:\/\/www.villaadriatica.com\/wp-content\/uploads\/2013\/07\/Hotel-Villa-Adriatica-Supetar-Brac-1131-150x150.jpg\" class=\"attachment-thumbnail size-thumbnail\" alt=\"\" \/><\/a>\n\t\t\t<\/div><\/figure><figure class='gallery-item'>\n\t\t\t<div class='gallery-icon landscape'>\n\t\t\t\t<a href='https:\/\/www.villaadriatica.com\/wp-content\/uploads\/2013\/07\/Hotel-Villa-Adriatica-Supetar-Brac-1161.jpg'><img loading=\"lazy\" decoding=\"async\" width=\"150\" height=\"150\" src=\"https:\/\/www.villaadriatica.com\/wp-content\/uploads\/2013\/07\/Hotel-Villa-Adriatica-Supetar-Brac-1161-150x150.jpg\" class=\"attachment-thumbnail size-thumbnail\" alt=\"\" \/><\/a>\n\t\t\t<\/div><\/figure><figure class='gallery-item'>\n\t\t\t<div class='gallery-icon landscape'>\n\t\t\t\t<a href='https:\/\/www.villaadriatica.com\/wp-content\/uploads\/2013\/07\/Hotel-Villa-Adriatica-Supetar-Brac-1171.jpg'><img loading=\"lazy\" decoding=\"async\" width=\"150\" height=\"150\" src=\"https:\/\/www.villaadriatica.com\/wp-content\/uploads\/2013\/07\/Hotel-Villa-Adriatica-Supetar-Brac-1171-150x150.jpg\" class=\"attachment-thumbnail size-thumbnail\" alt=\"\" \/><\/a>\n\t\t\t<\/div><\/figure><figure class='gallery-item'>\n\t\t\t<div class='gallery-icon landscape'>\n\t\t\t\t<a href='https:\/\/www.villaadriatica.com\/wp-content\/uploads\/2013\/07\/Hotel-Villa-Adriatica-Supetar-Brac-1181.jpg'><img loading=\"lazy\" decoding=\"async\" width=\"150\" height=\"150\" src=\"https:\/\/www.villaadriatica.com\/wp-content\/uploads\/2013\/07\/Hotel-Villa-Adriatica-Supetar-Brac-1181-150x150.jpg\" class=\"attachment-thumbnail size-thumbnail\" alt=\"\" \/><\/a>\n\t\t\t<\/div><\/figure><figure class='gallery-item'>\n\t\t\t<div class='gallery-icon landscape'>\n\t\t\t\t<a href='https:\/\/www.villaadriatica.com\/wp-content\/uploads\/2013\/07\/Hotel-Villa-Adriatica-Supetar-Brac-1211.jpg'><img loading=\"lazy\" decoding=\"async\" width=\"150\" height=\"150\" src=\"https:\/\/www.villaadriatica.com\/wp-content\/uploads\/2013\/07\/Hotel-Villa-Adriatica-Supetar-Brac-1211-150x150.jpg\" class=\"attachment-thumbnail size-thumbnail\" alt=\"\" \/><\/a>\n\t\t\t<\/div><\/figure><figure class='gallery-item'>\n\t\t\t<div class='gallery-icon landscape'>\n\t\t\t\t<a href='https:\/\/www.villaadriatica.com\/wp-content\/uploads\/2013\/07\/Hotel-Villa-Adriatica-Supetar-Brac-1141.jpg'><img loading=\"lazy\" decoding=\"async\" width=\"150\" height=\"150\" src=\"https:\/\/www.villaadriatica.com\/wp-content\/uploads\/2013\/07\/Hotel-Villa-Adriatica-Supetar-Brac-1141-150x150.jpg\" class=\"attachment-thumbnail size-thumbnail\" alt=\"\" \/><\/a>\n\t\t\t<\/div><\/figure><figure class='gallery-item'>\n\t\t\t<div class='gallery-icon landscape'>\n\t\t\t\t<a href='https:\/\/www.villaadriatica.com\/wp-content\/uploads\/2013\/07\/Hotel-Villa-Adriatica-Supetar-Brac-1151.jpg'><img loading=\"lazy\" decoding=\"async\" width=\"150\" height=\"150\" src=\"https:\/\/www.villaadriatica.com\/wp-content\/uploads\/2013\/07\/Hotel-Villa-Adriatica-Supetar-Brac-1151-150x150.jpg\" class=\"attachment-thumbnail size-thumbnail\" alt=\"\" \/><\/a>\n\t\t\t<\/div><\/figure>\n\t\t<\/div>\n<br \/>\nEl Hotel Villa Adri\u00e1tica, es un hotel gestionado y atendido por sus due\u00f1os. Cuenta con 23 modernas habitaciones equipadas con aire acondicionado, SAT TV, nevera, calentador de agua, acceso Wi &#8211; Fi. Los muebles con detalles de rat\u00e1n crean un ambiente estival c\u00f3modo y acogedor. Nuestras piscinas al aire libre le permitir\u00e1n disfrutar del sol mientras saborea su c\u00f3ctel favorito. En el peque\u00f1o Spa, con sauna y ba\u00f1era de hidromasaje le ofrecemos adem\u00e1s una amplia gama de masajes. Podr\u00e1 pasar una tarde tranquila en la terraza leyendo un buen libro a la sombra de antiguos y frondosos olivares y palmeras en medio de una vegetaci\u00f3n mediterr\u00e1nea.<br \/>\nLa playa, con variadas instalaciones deportivas est\u00e1 a s\u00f3lo 100 metros de distancia.<\/p>\n<p><strong>Bienvenidos a Villa Adriatica!<\/strong><\/p>\n<p><strong><a href=\"https:\/\/www.villaadriatica.com\/wp-content\/uploads\/2013\/07\/Hotel-Villa-Adriatica-Supetar-Brac-110.jpg\"><img loading=\"lazy\" decoding=\"async\" class=\"alignnone  wp-image-337\" title=\"Welcome to Hotel Villa Adriatica - Supetar, Island Bra\u010d\" src=\"https:\/\/www.villaadriatica.com\/wp-content\/uploads\/2013\/07\/Hotel-Villa-Adriatica-Supetar-Brac-110.jpg\" alt=\"\" width=\"630\" height=\"420\" srcset=\"https:\/\/www.villaadriatica.com\/wp-content\/uploads\/2013\/07\/Hotel-Villa-Adriatica-Supetar-Brac-110.jpg 900w, https:\/\/www.villaadriatica.com\/wp-content\/uploads\/2013\/07\/Hotel-Villa-Adriatica-Supetar-Brac-110-300x200.jpg 300w\" sizes=\"auto, (max-width: 630px) 100vw, 630px\" \/><\/a><\/strong><br \/>\n<!-- Social Ring Buttons Start --><div class=\"social-ring\">\n<div class=\"social-ring-button\"><fb:like href=\"https:\/\/www.villaadriatica.com\/es\/instalaciones\/\" showfaces=\"false\" layout=\"button_count\" action=\"like\"><\/fb:like><\/div>\n<div class=\"social-ring-button\"><a href=\"https:\/\/www.facebook.com\/sharer\/sharer.php?s=100&p[url]=https:\/\/www.villaadriatica.com\/es\/instalaciones\/\" target=\"_blank\"\n\t\t\t\t\t\t\tonclick=\"window.open('https:\/\/www.facebook.com\/sharer\/sharer.php?s=100&p[url]=https:\/\/www.villaadriatica.com\/es\/instalaciones\/', 'newwindow', 'width=600, height=450'); return false;\" >\n\t\t\t\t\t\t\t<img decoding=\"async\" style=\"display:block; background: none; padding: 0px; border:0px;\" src=\"https:\/\/www.villaadriatica.com\/wp-content\/plugins\/wordpress-social-ring\/includes\/..\/admin\/images\/sr-fb-share.png\" alt=\"Share\"\/>\n\t\t\t\t\t\t<\/a><\/div>\n<div class=\"social-ring-button\"><a rel=\"nofollow\" href=\"http:\/\/twitter.com\/share\" lang=\"en\" data-url=\"https:\/\/www.villaadriatica.com\/es\/instalaciones\/\" data-text=\"Instalaciones\" data-count=\"horizontal\" class=\"sr-twitter-button twitter-share-button\"><\/a><\/div>\n<div class=\"social-ring-button\"><div class=\"g-plusone\" data-href=\"https:\/\/www.villaadriatica.com\/es\/instalaciones\/\" data-size=\"medium\" ><\/div><\/div>\n<div class=\"social-ring-button\"><a rel=\"nofollow\" href=\"http:\/\/pinterest.com\/pin\/create\/button\/?url=https%3A%2F%2Fwww.villaadriatica.com%2Fes%2Finstalaciones%2F&media=https%3A%2F%2Fwww.villaadriatica.com%2Fwp-content%2Fuploads%2F2013%2F07%2FHotel-Villa-Adriatica-Supetar-Brac-1101-150x150.jpg&description=Instalaciones\" class=\"pin-it-button\"count-layout=\"horizontal\"><\/a><\/div>\n<\/div><!-- Social Ring Buttons End -->\n<\/p>\n","protected":false},"excerpt":{"rendered":"<p>\u2794 23 habitaciones dobles \u2794 Aire acondicionado y calefacci\u00f3n \u2794 Tel\u00e9fono \u2794 SAT \/ TV \u2794 Balc\u00f3n \u2794 Restaurante \u2794 Terraza bar-cafeter\u00eda y c\u00f3ctel bar-cafeter\u00eda \u2794 M\u00fasica en vivo \u2794 Jard\u00edn \u2794 Piscina y&#8230;<\/p>\n","protected":false},"author":1,"featured_media":0,"parent":0,"menu_order":0,"comment_status":"closed","ping_status":"closed","template":"","meta":{"footnotes":""},"class_list":["post-1283","page","type-page","status-publish","hentry"],"yoast_head":"<!-- This site is optimized with the Yoast SEO plugin v25.1 - https:\/\/yoast.com\/wordpress\/plugins\/seo\/ -->\n<title>Hotel Villa Adriatica - Instalaciones<\/title>\n<meta name=\"description\" content=\"El Hotel Villa Adri\u00e1tica, es un hotel gestionado y atendido por sus due\u00f1os. Cuenta con 23 modernas habitaciones equipadas con aire acondicionado, SAT TV, nevera, calentador de agua, acceso Wi - Fi.\" \/>\n<meta name=\"robots\" content=\"index, follow, max-snippet:-1, max-image-preview:large, max-video-preview:-1\" \/>\n<link rel=\"canonical\" href=\"https:\/\/www.villaadriatica.com\/es\/instalaciones\/\" \/>\n<meta property=\"og:locale\" content=\"es_ES\" \/>\n<meta property=\"og:type\" content=\"article\" \/>\n<meta property=\"og:title\" content=\"Hotel Villa Adriatica - Instalaciones\" \/>\n<meta property=\"og:description\" content=\"El Hotel Villa Adri\u00e1tica, es un hotel gestionado y atendido por sus due\u00f1os. Cuenta con 23 modernas habitaciones equipadas con aire acondicionado, SAT TV, nevera, calentador de agua, acceso Wi - Fi.\" \/>\n<meta property=\"og:url\" content=\"https:\/\/www.villaadriatica.com\/es\/instalaciones\/\" \/>\n<meta property=\"article:modified_time\" content=\"2013-12-09T08:49:40+00:00\" \/>\n<meta property=\"og:image\" content=\"https:\/\/www.villaadriatica.com\/wp-content\/uploads\/2021\/05\/villa-adriatica-cocktail-bar-150x150.jpg\" \/>\n<meta name=\"twitter:label1\" content=\"Tiempo de lectura\" \/>\n\t<meta name=\"twitter:data1\" content=\"1 minuto\" \/>\n<script type=\"application\/ld+json\" class=\"yoast-schema-graph\">{\"@context\":\"https:\/\/schema.org\",\"@graph\":[{\"@type\":\"WebPage\",\"@id\":\"https:\/\/www.villaadriatica.com\/es\/instalaciones\/\",\"url\":\"https:\/\/www.villaadriatica.com\/es\/instalaciones\/\",\"name\":\"Hotel Villa Adriatica - Instalaciones\",\"isPartOf\":{\"@id\":\"https:\/\/www.villaadriatica.com\/hr\/#website\"},\"primaryImageOfPage\":{\"@id\":\"https:\/\/www.villaadriatica.com\/es\/instalaciones\/#primaryimage\"},\"image\":{\"@id\":\"https:\/\/www.villaadriatica.com\/es\/instalaciones\/#primaryimage\"},\"thumbnailUrl\":\"https:\/\/www.villaadriatica.com\/wp-content\/uploads\/2013\/07\/Hotel-Villa-Adriatica-Supetar-Brac-110.jpg\",\"datePublished\":\"2013-07-11T13:43:30+00:00\",\"dateModified\":\"2013-12-09T08:49:40+00:00\",\"description\":\"El Hotel Villa Adri\u00e1tica, es un hotel gestionado y atendido por sus due\u00f1os. Cuenta con 23 modernas habitaciones equipadas con aire acondicionado, SAT TV, nevera, calentador de agua, acceso Wi - Fi.\",\"breadcrumb\":{\"@id\":\"https:\/\/www.villaadriatica.com\/es\/instalaciones\/#breadcrumb\"},\"inLanguage\":\"es\",\"potentialAction\":[{\"@type\":\"ReadAction\",\"target\":[\"https:\/\/www.villaadriatica.com\/es\/instalaciones\/\"]}]},{\"@type\":\"ImageObject\",\"inLanguage\":\"es\",\"@id\":\"https:\/\/www.villaadriatica.com\/es\/instalaciones\/#primaryimage\",\"url\":\"https:\/\/www.villaadriatica.com\/wp-content\/uploads\/2013\/07\/Hotel-Villa-Adriatica-Supetar-Brac-110.jpg\",\"contentUrl\":\"https:\/\/www.villaadriatica.com\/wp-content\/uploads\/2013\/07\/Hotel-Villa-Adriatica-Supetar-Brac-110.jpg\"},{\"@type\":\"BreadcrumbList\",\"@id\":\"https:\/\/www.villaadriatica.com\/es\/instalaciones\/#breadcrumb\",\"itemListElement\":[{\"@type\":\"ListItem\",\"position\":1,\"name\":\"Home\",\"item\":\"https:\/\/www.villaadriatica.com\/es\/\"},{\"@type\":\"ListItem\",\"position\":2,\"name\":\"Instalaciones\"}]},{\"@type\":\"WebSite\",\"@id\":\"https:\/\/www.villaadriatica.com\/hr\/#website\",\"url\":\"https:\/\/www.villaadriatica.com\/hr\/\",\"name\":\"\",\"description\":\"\",\"potentialAction\":[{\"@type\":\"SearchAction\",\"target\":{\"@type\":\"EntryPoint\",\"urlTemplate\":\"https:\/\/www.villaadriatica.com\/hr\/?s={search_term_string}\"},\"query-input\":{\"@type\":\"PropertyValueSpecification\",\"valueRequired\":true,\"valueName\":\"search_term_string\"}}],\"inLanguage\":\"es\"}]}<\/script>\n<!-- \/ Yoast SEO plugin. -->","yoast_head_json":{"title":"Hotel Villa Adriatica - Instalaciones","description":"El Hotel Villa Adri\u00e1tica, es un hotel gestionado y atendido por sus due\u00f1os. Cuenta con 23 modernas habitaciones equipadas con aire acondicionado, SAT TV, nevera, calentador de agua, acceso Wi - Fi.","robots":{"index":"index","follow":"follow","max-snippet":"max-snippet:-1","max-image-preview":"max-image-preview:large","max-video-preview":"max-video-preview:-1"},"canonical":"https:\/\/www.villaadriatica.com\/es\/instalaciones\/","og_locale":"es_ES","og_type":"article","og_title":"Hotel Villa Adriatica - Instalaciones","og_description":"El Hotel Villa Adri\u00e1tica, es un hotel gestionado y atendido por sus due\u00f1os. Cuenta con 23 modernas habitaciones equipadas con aire acondicionado, SAT TV, nevera, calentador de agua, acceso Wi - Fi.","og_url":"https:\/\/www.villaadriatica.com\/es\/instalaciones\/","article_modified_time":"2013-12-09T08:49:40+00:00","og_image":[{"url":"https:\/\/www.villaadriatica.com\/wp-content\/uploads\/2021\/05\/villa-adriatica-cocktail-bar-150x150.jpg","type":"","width":"","height":""}],"twitter_misc":{"Tiempo de lectura":"1 minuto"},"schema":{"@context":"https:\/\/schema.org","@graph":[{"@type":"WebPage","@id":"https:\/\/www.villaadriatica.com\/es\/instalaciones\/","url":"https:\/\/www.villaadriatica.com\/es\/instalaciones\/","name":"Hotel Villa Adriatica - Instalaciones","isPartOf":{"@id":"https:\/\/www.villaadriatica.com\/hr\/#website"},"primaryImageOfPage":{"@id":"https:\/\/www.villaadriatica.com\/es\/instalaciones\/#primaryimage"},"image":{"@id":"https:\/\/www.villaadriatica.com\/es\/instalaciones\/#primaryimage"},"thumbnailUrl":"https:\/\/www.villaadriatica.com\/wp-content\/uploads\/2013\/07\/Hotel-Villa-Adriatica-Supetar-Brac-110.jpg","datePublished":"2013-07-11T13:43:30+00:00","dateModified":"2013-12-09T08:49:40+00:00","description":"El Hotel Villa Adri\u00e1tica, es un hotel gestionado y atendido por sus due\u00f1os. Cuenta con 23 modernas habitaciones equipadas con aire acondicionado, SAT TV, nevera, calentador de agua, acceso Wi - Fi.","breadcrumb":{"@id":"https:\/\/www.villaadriatica.com\/es\/instalaciones\/#breadcrumb"},"inLanguage":"es","potentialAction":[{"@type":"ReadAction","target":["https:\/\/www.villaadriatica.com\/es\/instalaciones\/"]}]},{"@type":"ImageObject","inLanguage":"es","@id":"https:\/\/www.villaadriatica.com\/es\/instalaciones\/#primaryimage","url":"https:\/\/www.villaadriatica.com\/wp-content\/uploads\/2013\/07\/Hotel-Villa-Adriatica-Supetar-Brac-110.jpg","contentUrl":"https:\/\/www.villaadriatica.com\/wp-content\/uploads\/2013\/07\/Hotel-Villa-Adriatica-Supetar-Brac-110.jpg"},{"@type":"BreadcrumbList","@id":"https:\/\/www.villaadriatica.com\/es\/instalaciones\/#breadcrumb","itemListElement":[{"@type":"ListItem","position":1,"name":"Home","item":"https:\/\/www.villaadriatica.com\/es\/"},{"@type":"ListItem","position":2,"name":"Instalaciones"}]},{"@type":"WebSite","@id":"https:\/\/www.villaadriatica.com\/hr\/#website","url":"https:\/\/www.villaadriatica.com\/hr\/","name":"","description":"","potentialAction":[{"@type":"SearchAction","target":{"@type":"EntryPoint","urlTemplate":"https:\/\/www.villaadriatica.com\/hr\/?s={search_term_string}"},"query-input":{"@type":"PropertyValueSpecification","valueRequired":true,"valueName":"search_term_string"}}],"inLanguage":"es"}]}},"_links":{"self":[{"href":"https:\/\/www.villaadriatica.com\/es\/wp-json\/wp\/v2\/pages\/1283","targetHints":{"allow":["GET"]}}],"collection":[{"href":"https:\/\/www.villaadriatica.com\/es\/wp-json\/wp\/v2\/pages"}],"about":[{"href":"https:\/\/www.villaadriatica.com\/es\/wp-json\/wp\/v2\/types\/page"}],"author":[{"embeddable":true,"href":"https:\/\/www.villaadriatica.com\/es\/wp-json\/wp\/v2\/users\/1"}],"replies":[{"embeddable":true,"href":"https:\/\/www.villaadriatica.com\/es\/wp-json\/wp\/v2\/comments?post=1283"}],"version-history":[{"count":6,"href":"https:\/\/www.villaadriatica.com\/es\/wp-json\/wp\/v2\/pages\/1283\/revisions"}],"predecessor-version":[{"id":1284,"href":"https:\/\/www.villaadriatica.com\/es\/wp-json\/wp\/v2\/pages\/1283\/revisions\/1284"}],"wp:attachment":[{"href":"https:\/\/www.villaadriatica.com\/es\/wp-json\/wp\/v2\/media?parent=1283"}],"curies":[{"name":"wp","href":"https:\/\/api.w.org\/{rel}","templated":true}]}}