{"id":1559,"date":"2013-06-10T15:41:01","date_gmt":"2013-06-10T15:41:01","guid":{"rendered":"https:\/\/www.villaadriatica.com\/island-brac-2\/"},"modified":"2014-01-05T12:04:17","modified_gmt":"2014-01-05T12:04:17","slug":"insel-brac","status":"publish","type":"page","link":"https:\/\/www.villaadriatica.com\/de\/insel-brac\/","title":{"rendered":"Insel Bra\u010d"},"content":{"rendered":"<p>Brac ist im Bereich der au\u00dfergew\u00f6hnlichen mediterranen Klima gelegen, mit milden, regnerischen Wintern und trockenen, hei\u00dfen und sonnigen Sommer, sicherlich w\u00e4rmsten Klima der n\u00f6rdlichen Teil des Mittelmeeres.<br \/>\nVom h\u00f6chsten Punkt der Insel Brac (Vidova Gora) bietet sch\u00f6ne Ausblicke auf die gesamte Inselgruppe.<br \/>\nBrac ist die drittgr\u00f6\u00dfte Insel in der Adria Seit alten Zeiten lebten die Menschen hier aus Stein und von Stein.<br \/>\nSteinmetz wurde &#8220;K\u00fcnstler&#8221; genannt. Bekannte Bildhauer, die hier lebten, oder verwenden Sie das Brac Stein sind: George der Dalmatiner, Andrija Alesi, Nikolaus von Florenz&#8230;<a href=\"https:\/\/www.villaadriatica.com\/wp-content\/uploads\/2013\/06\/Island-Brac-Croatia-01.jpg\"><img loading=\"lazy\" decoding=\"async\" class=\"alignnone  wp-image-44\" title=\"Island Bra\u010d, Croatia - Bol, Golden cape beach\" src=\"https:\/\/www.villaadriatica.com\/wp-content\/uploads\/2013\/06\/Island-Brac-Croatia-01.jpg\" alt=\"Island Bra\u010d, Croatia - Bol, Golden cape beach\" width=\"630\" height=\"380\" srcset=\"https:\/\/www.villaadriatica.com\/wp-content\/uploads\/2013\/06\/Island-Brac-Croatia-01.jpg 1050w, https:\/\/www.villaadriatica.com\/wp-content\/uploads\/2013\/06\/Island-Brac-Croatia-01-300x181.jpg 300w, https:\/\/www.villaadriatica.com\/wp-content\/uploads\/2013\/06\/Island-Brac-Croatia-01-1024x618.jpg 1024w\" sizes=\"auto, (max-width: 630px) 100vw, 630px\" \/><\/a><a href=\"https:\/\/www.villaadriatica.com\/wp-content\/uploads\/2013\/06\/Island-Brac-Croatia-002.jpg\"><img loading=\"lazy\" decoding=\"async\" class=\"alignnone  wp-image-216\" title=\"Island Brac Croatia, Sumartin\" src=\"https:\/\/www.villaadriatica.com\/wp-content\/uploads\/2013\/06\/Island-Brac-Croatia-002.jpg\" alt=\"Island Brac Croatia, Sumartin\" width=\"630\" height=\"380\" srcset=\"https:\/\/www.villaadriatica.com\/wp-content\/uploads\/2013\/06\/Island-Brac-Croatia-002.jpg 900w, https:\/\/www.villaadriatica.com\/wp-content\/uploads\/2013\/06\/Island-Brac-Croatia-002-300x181.jpg 300w\" sizes=\"auto, (max-width: 630px) 100vw, 630px\" \/><\/a>Der wei\u00dfe Stein von Brac hat f\u00fcr viele ber\u00fchmte Geb\u00e4uden wie dem Wei\u00dfe Haus in Washington, DC verwendet. In seinem Herzen verbirgt Brac Perlen des kulturellen Erbes, wie der glagolitischen Stein &#8220;W\u00fcste Blace&#8221;, die die meisten architektonisches Monument der Insel, Drachenh\u00f6hle, Skrip ist &#8211; die \u00e4lteste Siedlung auf der Insel&#8230;<a href=\"https:\/\/www.villaadriatica.com\/wp-content\/uploads\/2013\/06\/Island-Brac-Croatia-005.jpg\"><img loading=\"lazy\" decoding=\"async\" class=\"alignnone  wp-image-219\" title=\"Island Bra\u010d, Croatia - Pustinja Blaca\" src=\"https:\/\/www.villaadriatica.com\/wp-content\/uploads\/2013\/06\/Island-Brac-Croatia-005.jpg\" alt=\"Island Bra\u010d, Croatia - Pustinja Blaca\" width=\"630\" height=\"380\" srcset=\"https:\/\/www.villaadriatica.com\/wp-content\/uploads\/2013\/06\/Island-Brac-Croatia-005.jpg 900w, https:\/\/www.villaadriatica.com\/wp-content\/uploads\/2013\/06\/Island-Brac-Croatia-005-300x181.jpg 300w\" sizes=\"auto, (max-width: 630px) 100vw, 630px\" \/><\/a><a href=\"https:\/\/www.villaadriatica.com\/wp-content\/uploads\/2013\/06\/Island-Brac-Croatia-006.jpg\"><img loading=\"lazy\" decoding=\"async\" class=\"alignnone  wp-image-221\" title=\"Island Bra\u010d, Croatia - Dragon cave\" src=\"https:\/\/www.villaadriatica.com\/wp-content\/uploads\/2013\/06\/Island-Brac-Croatia-006.jpg\" alt=\"Island Bra\u010d, Croatia - Dragon cave\" width=\"630\" height=\"380\" srcset=\"https:\/\/www.villaadriatica.com\/wp-content\/uploads\/2013\/06\/Island-Brac-Croatia-006.jpg 900w, https:\/\/www.villaadriatica.com\/wp-content\/uploads\/2013\/06\/Island-Brac-Croatia-006-300x181.jpg 300w\" sizes=\"auto, (max-width: 630px) 100vw, 630px\" \/><\/a><br \/>\n<!-- Social Ring Buttons Start --><div class=\"social-ring\">\n<div class=\"social-ring-button\"><fb:like href=\"https:\/\/www.villaadriatica.com\/de\/insel-brac\/\" showfaces=\"false\" layout=\"button_count\" action=\"like\"><\/fb:like><\/div>\n<div class=\"social-ring-button\"><a href=\"https:\/\/www.facebook.com\/sharer\/sharer.php?s=100&p[url]=https:\/\/www.villaadriatica.com\/de\/insel-brac\/\" target=\"_blank\"\n\t\t\t\t\t\t\tonclick=\"window.open('https:\/\/www.facebook.com\/sharer\/sharer.php?s=100&p[url]=https:\/\/www.villaadriatica.com\/de\/insel-brac\/', 'newwindow', 'width=600, height=450'); return false;\" >\n\t\t\t\t\t\t\t<img decoding=\"async\" style=\"display:block; background: none; padding: 0px; border:0px;\" src=\"https:\/\/www.villaadriatica.com\/wp-content\/plugins\/wordpress-social-ring\/includes\/..\/admin\/images\/sr-fb-share.png\" alt=\"Share\"\/>\n\t\t\t\t\t\t<\/a><\/div>\n<div class=\"social-ring-button\"><a rel=\"nofollow\" href=\"http:\/\/twitter.com\/share\" lang=\"en\" data-url=\"https:\/\/www.villaadriatica.com\/de\/insel-brac\/\" data-text=\"Insel Bra\u010d\" data-count=\"horizontal\" class=\"sr-twitter-button twitter-share-button\"><\/a><\/div>\n<div class=\"social-ring-button\"><div class=\"g-plusone\" data-href=\"https:\/\/www.villaadriatica.com\/de\/insel-brac\/\" data-size=\"medium\" ><\/div><\/div>\n<div class=\"social-ring-button\"><a rel=\"nofollow\" href=\"http:\/\/pinterest.com\/pin\/create\/button\/?url=https%3A%2F%2Fwww.villaadriatica.com%2Fde%2Finsel-brac%2F&media=https%3A%2F%2Fwww.villaadriatica.com%2Fwp-content%2Fuploads%2F2013%2F06%2FIsland-Brac-Croatia-01.jpg&description=Insel+Bra%C4%8D\" class=\"pin-it-button\"count-layout=\"horizontal\"><\/a><\/div>\n<\/div><!-- Social Ring Buttons End -->\n<\/p>\n","protected":false},"excerpt":{"rendered":"<p>Brac ist im Bereich der au\u00dfergew\u00f6hnlichen mediterranen Klima gelegen, mit milden, regnerischen Wintern und trockenen, hei\u00dfen und sonnigen Sommer, sicherlich w\u00e4rmsten Klima der n\u00f6rdlichen Teil des Mittelmeeres. Vom h\u00f6chsten Punkt der Insel Brac (Vidova&#8230;<\/p>\n","protected":false},"author":1,"featured_media":44,"parent":0,"menu_order":0,"comment_status":"closed","ping_status":"closed","template":"","meta":{"footnotes":""},"class_list":["post-1559","page","type-page","status-publish","has-post-thumbnail","hentry"],"yoast_head":"<!-- This site is optimized with the Yoast SEO plugin v25.1 - https:\/\/yoast.com\/wordpress\/plugins\/seo\/ -->\n<title>Insel Bra\u010d | Hotel Villa Adriatica<\/title>\n<meta name=\"description\" content=\"Brac ist im Bereich der au\u00dfergew\u00f6hnlichen mediterranen Klima gelegen, mit milden, regnerischen Wintern und trockenen, hei\u00dfen und sonnigen Sommer.\" \/>\n<meta name=\"robots\" content=\"index, follow, max-snippet:-1, max-image-preview:large, max-video-preview:-1\" \/>\n<link rel=\"canonical\" href=\"https:\/\/www.villaadriatica.com\/de\/insel-brac\/\" \/>\n<meta property=\"og:locale\" content=\"de_DE\" \/>\n<meta property=\"og:type\" content=\"article\" \/>\n<meta property=\"og:title\" content=\"Insel Bra\u010d | Hotel Villa Adriatica\" \/>\n<meta property=\"og:description\" content=\"Brac ist im Bereich der au\u00dfergew\u00f6hnlichen mediterranen Klima gelegen, mit milden, regnerischen Wintern und trockenen, hei\u00dfen und sonnigen Sommer.\" \/>\n<meta property=\"og:url\" content=\"https:\/\/www.villaadriatica.com\/de\/insel-brac\/\" \/>\n<meta property=\"article:modified_time\" content=\"2014-01-05T12:04:17+00:00\" \/>\n<meta property=\"og:image\" content=\"https:\/\/www.villaadriatica.com\/wp-content\/uploads\/2013\/06\/Island-Brac-Croatia-01.jpg\" \/>\n\t<meta property=\"og:image:width\" content=\"1050\" \/>\n\t<meta property=\"og:image:height\" content=\"634\" \/>\n\t<meta property=\"og:image:type\" content=\"image\/jpeg\" \/>\n<meta name=\"twitter:label1\" content=\"Gesch\u00e4tzte Lesezeit\" \/>\n\t<meta name=\"twitter:data1\" content=\"1\u00a0Minute\" \/>\n<script type=\"application\/ld+json\" class=\"yoast-schema-graph\">{\"@context\":\"https:\/\/schema.org\",\"@graph\":[{\"@type\":\"WebPage\",\"@id\":\"https:\/\/www.villaadriatica.com\/de\/insel-brac\/\",\"url\":\"https:\/\/www.villaadriatica.com\/de\/insel-brac\/\",\"name\":\"Insel Bra\u010d | Hotel Villa Adriatica\",\"isPartOf\":{\"@id\":\"https:\/\/www.villaadriatica.com\/hr\/#website\"},\"primaryImageOfPage\":{\"@id\":\"https:\/\/www.villaadriatica.com\/de\/insel-brac\/#primaryimage\"},\"image\":{\"@id\":\"https:\/\/www.villaadriatica.com\/de\/insel-brac\/#primaryimage\"},\"thumbnailUrl\":\"https:\/\/www.villaadriatica.com\/wp-content\/uploads\/2013\/06\/Island-Brac-Croatia-01.jpg\",\"datePublished\":\"2013-06-10T15:41:01+00:00\",\"dateModified\":\"2014-01-05T12:04:17+00:00\",\"description\":\"Brac ist im Bereich der au\u00dfergew\u00f6hnlichen mediterranen Klima gelegen, mit milden, regnerischen Wintern und trockenen, hei\u00dfen und sonnigen Sommer.\",\"breadcrumb\":{\"@id\":\"https:\/\/www.villaadriatica.com\/de\/insel-brac\/#breadcrumb\"},\"inLanguage\":\"de\",\"potentialAction\":[{\"@type\":\"ReadAction\",\"target\":[\"https:\/\/www.villaadriatica.com\/de\/insel-brac\/\"]}]},{\"@type\":\"ImageObject\",\"inLanguage\":\"de\",\"@id\":\"https:\/\/www.villaadriatica.com\/de\/insel-brac\/#primaryimage\",\"url\":\"https:\/\/www.villaadriatica.com\/wp-content\/uploads\/2013\/06\/Island-Brac-Croatia-01.jpg\",\"contentUrl\":\"https:\/\/www.villaadriatica.com\/wp-content\/uploads\/2013\/06\/Island-Brac-Croatia-01.jpg\",\"width\":\"1050\",\"height\":\"634\",\"caption\":\"Island Bra\u010d, Croatia\"},{\"@type\":\"BreadcrumbList\",\"@id\":\"https:\/\/www.villaadriatica.com\/de\/insel-brac\/#breadcrumb\",\"itemListElement\":[{\"@type\":\"ListItem\",\"position\":1,\"name\":\"Home\",\"item\":\"https:\/\/www.villaadriatica.com\/de\/\"},{\"@type\":\"ListItem\",\"position\":2,\"name\":\"Insel Bra\u010d\"}]},{\"@type\":\"WebSite\",\"@id\":\"https:\/\/www.villaadriatica.com\/hr\/#website\",\"url\":\"https:\/\/www.villaadriatica.com\/hr\/\",\"name\":\"\",\"description\":\"\",\"potentialAction\":[{\"@type\":\"SearchAction\",\"target\":{\"@type\":\"EntryPoint\",\"urlTemplate\":\"https:\/\/www.villaadriatica.com\/hr\/?s={search_term_string}\"},\"query-input\":{\"@type\":\"PropertyValueSpecification\",\"valueRequired\":true,\"valueName\":\"search_term_string\"}}],\"inLanguage\":\"de\"}]}<\/script>\n<!-- \/ Yoast SEO plugin. -->","yoast_head_json":{"title":"Insel Bra\u010d | Hotel Villa Adriatica","description":"Brac ist im Bereich der au\u00dfergew\u00f6hnlichen mediterranen Klima gelegen, mit milden, regnerischen Wintern und trockenen, hei\u00dfen und sonnigen Sommer.","robots":{"index":"index","follow":"follow","max-snippet":"max-snippet:-1","max-image-preview":"max-image-preview:large","max-video-preview":"max-video-preview:-1"},"canonical":"https:\/\/www.villaadriatica.com\/de\/insel-brac\/","og_locale":"de_DE","og_type":"article","og_title":"Insel Bra\u010d | Hotel Villa Adriatica","og_description":"Brac ist im Bereich der au\u00dfergew\u00f6hnlichen mediterranen Klima gelegen, mit milden, regnerischen Wintern und trockenen, hei\u00dfen und sonnigen Sommer.","og_url":"https:\/\/www.villaadriatica.com\/de\/insel-brac\/","article_modified_time":"2014-01-05T12:04:17+00:00","og_image":[{"width":1050,"height":634,"url":"https:\/\/www.villaadriatica.com\/wp-content\/uploads\/2013\/06\/Island-Brac-Croatia-01.jpg","type":"image\/jpeg"}],"twitter_misc":{"Gesch\u00e4tzte Lesezeit":"1\u00a0Minute"},"schema":{"@context":"https:\/\/schema.org","@graph":[{"@type":"WebPage","@id":"https:\/\/www.villaadriatica.com\/de\/insel-brac\/","url":"https:\/\/www.villaadriatica.com\/de\/insel-brac\/","name":"Insel Bra\u010d | Hotel Villa Adriatica","isPartOf":{"@id":"https:\/\/www.villaadriatica.com\/hr\/#website"},"primaryImageOfPage":{"@id":"https:\/\/www.villaadriatica.com\/de\/insel-brac\/#primaryimage"},"image":{"@id":"https:\/\/www.villaadriatica.com\/de\/insel-brac\/#primaryimage"},"thumbnailUrl":"https:\/\/www.villaadriatica.com\/wp-content\/uploads\/2013\/06\/Island-Brac-Croatia-01.jpg","datePublished":"2013-06-10T15:41:01+00:00","dateModified":"2014-01-05T12:04:17+00:00","description":"Brac ist im Bereich der au\u00dfergew\u00f6hnlichen mediterranen Klima gelegen, mit milden, regnerischen Wintern und trockenen, hei\u00dfen und sonnigen Sommer.","breadcrumb":{"@id":"https:\/\/www.villaadriatica.com\/de\/insel-brac\/#breadcrumb"},"inLanguage":"de","potentialAction":[{"@type":"ReadAction","target":["https:\/\/www.villaadriatica.com\/de\/insel-brac\/"]}]},{"@type":"ImageObject","inLanguage":"de","@id":"https:\/\/www.villaadriatica.com\/de\/insel-brac\/#primaryimage","url":"https:\/\/www.villaadriatica.com\/wp-content\/uploads\/2013\/06\/Island-Brac-Croatia-01.jpg","contentUrl":"https:\/\/www.villaadriatica.com\/wp-content\/uploads\/2013\/06\/Island-Brac-Croatia-01.jpg","width":"1050","height":"634","caption":"Island Bra\u010d, Croatia"},{"@type":"BreadcrumbList","@id":"https:\/\/www.villaadriatica.com\/de\/insel-brac\/#breadcrumb","itemListElement":[{"@type":"ListItem","position":1,"name":"Home","item":"https:\/\/www.villaadriatica.com\/de\/"},{"@type":"ListItem","position":2,"name":"Insel Bra\u010d"}]},{"@type":"WebSite","@id":"https:\/\/www.villaadriatica.com\/hr\/#website","url":"https:\/\/www.villaadriatica.com\/hr\/","name":"","description":"","potentialAction":[{"@type":"SearchAction","target":{"@type":"EntryPoint","urlTemplate":"https:\/\/www.villaadriatica.com\/hr\/?s={search_term_string}"},"query-input":{"@type":"PropertyValueSpecification","valueRequired":true,"valueName":"search_term_string"}}],"inLanguage":"de"}]}},"_links":{"self":[{"href":"https:\/\/www.villaadriatica.com\/de\/wp-json\/wp\/v2\/pages\/1559","targetHints":{"allow":["GET"]}}],"collection":[{"href":"https:\/\/www.villaadriatica.com\/de\/wp-json\/wp\/v2\/pages"}],"about":[{"href":"https:\/\/www.villaadriatica.com\/de\/wp-json\/wp\/v2\/types\/page"}],"author":[{"embeddable":true,"href":"https:\/\/www.villaadriatica.com\/de\/wp-json\/wp\/v2\/users\/1"}],"replies":[{"embeddable":true,"href":"https:\/\/www.villaadriatica.com\/de\/wp-json\/wp\/v2\/comments?post=1559"}],"version-history":[{"count":4,"href":"https:\/\/www.villaadriatica.com\/de\/wp-json\/wp\/v2\/pages\/1559\/revisions"}],"predecessor-version":[{"id":1577,"href":"https:\/\/www.villaadriatica.com\/de\/wp-json\/wp\/v2\/pages\/1559\/revisions\/1577"}],"wp:featuredmedia":[{"embeddable":true,"href":"https:\/\/www.villaadriatica.com\/de\/wp-json\/wp\/v2\/media\/44"}],"wp:attachment":[{"href":"https:\/\/www.villaadriatica.com\/de\/wp-json\/wp\/v2\/media?parent=1559"}],"curies":[{"name":"wp","href":"https:\/\/api.w.org\/{rel}","templated":true}]}}